{"id":731,"date":"2025-11-27T16:53:55","date_gmt":"2025-11-27T15:53:55","guid":{"rendered":"https:\/\/digitalpr.eu\/?page_id=731"},"modified":"2025-12-09T17:46:53","modified_gmt":"2025-12-09T16:46:53","slug":"es","status":"publish","type":"page","link":"https:\/\/digitalpr.eu\/en\/es\/","title":{"rendered":"Agencia de Digital PR en Espa\u00f1a\u200b"},"content":{"rendered":"<div data-elementor-type=\"wp-post\" data-elementor-id=\"731\" class=\"elementor elementor-731\" data-elementor-post-type=\"page\">\n\t\t\t\t<div class=\"elementor-element elementor-element-7157058 hero e-flex e-con-boxed e-con e-parent\" data-id=\"7157058\" data-element_type=\"container\">\n\t\t\t\t\t<div class=\"e-con-inner\">\n\t\t<div class=\"elementor-element elementor-element-26088ec e-flex e-con-boxed e-con e-child\" data-id=\"26088ec\" data-element_type=\"container\">\n\t\t\t\t\t<div class=\"e-con-inner\">\n\t\t\t\t<div class=\"elementor-element elementor-element-4ea3a99 elementor-widget elementor-widget-heading\" data-id=\"4ea3a99\" data-element_type=\"widget\" data-widget_type=\"heading.default\">\n\t\t\t\t<div class=\"elementor-widget-container\">\n\t\t\t\t\t<h1 class=\"elementor-heading-title elementor-size-default\">Agencia de Digital PR en Espa\u00f1a<\/h1>\t\t\t\t<\/div>\n\t\t\t\t<\/div>\n\t\t\t\t\t<\/div>\n\t\t\t\t<\/div>\n\t\t<div class=\"elementor-element elementor-element-588ea94 e-flex e-con-boxed e-con e-child\" data-id=\"588ea94\" data-element_type=\"container\">\n\t\t\t\t\t<div class=\"e-con-inner\">\n\t\t\t\t<div class=\"elementor-element elementor-element-e1b57e8 elementor-widget elementor-widget-text-editor\" data-id=\"e1b57e8\" data-element_type=\"widget\" data-widget_type=\"text-editor.default\">\n\t\t\t\t<div class=\"elementor-widget-container\">\n\t\t\t\t\t\t\t\t\t<p>Noticias que importan. Resultados que se notan <img decoding=\"async\" class=\"emoji\" role=\"img\" draggable=\"false\" src=\"https:\/\/s.w.org\/images\/core\/emoji\/16.0.1\/svg\/1f680.svg\" alt=\"\ud83d\ude80\" \/> Hacemos que tu marca sea imposible de ignorar en Espa\u00f1a \u2014 con campa\u00f1as de digital PR creadas para generar visibilidad, credibilidad y posicionamiento. Y cuando quieras dar el salto internacional, te abrimos las puertas de Alemania, Austria y Suiza \u2014 m\u00e1s de 100 millones de consumidores con el mayor poder adquisitivo de Europa.<\/p>\t\t\t\t\t\t\t\t<\/div>\n\t\t\t\t<\/div>\n\t\t\t\t\t<\/div>\n\t\t\t\t<\/div>\n\t\t\t\t<div class=\"elementor-element elementor-element-5e9bcc2 elementor-align-center elementor-widget elementor-widget-button\" data-id=\"5e9bcc2\" data-element_type=\"widget\" data-widget_type=\"button.default\">\n\t\t\t\t<div class=\"elementor-widget-container\">\n\t\t\t\t\t\t\t\t\t<div class=\"elementor-button-wrapper\">\n\t\t\t\t\t<a class=\"elementor-button elementor-button-link elementor-size-sm\" href=\"https:\/\/digitalpr.eu\/en\/kontakt\/\">\n\t\t\t\t\t\t<span class=\"elementor-button-content-wrapper\">\n\t\t\t\t\t\t\t\t\t<span class=\"elementor-button-text\">\u00a1Contacta con nosotros!<\/span>\n\t\t\t\t\t<\/span>\n\t\t\t\t\t<\/a>\n\t\t\t\t<\/div>\n\t\t\t\t\t\t\t\t<\/div>\n\t\t\t\t<\/div>\n\t\t\t\t\t<\/div>\n\t\t\t\t<\/div>\n\t\t<div class=\"elementor-element elementor-element-0c45beb e-grid e-con-boxed e-con e-parent\" data-id=\"0c45beb\" data-element_type=\"container\">\n\t\t\t\t\t<div class=\"e-con-inner\">\n\t\t\t\t<div class=\"elementor-element elementor-element-dc09df4 elementor-widget elementor-widget-heading\" data-id=\"dc09df4\" data-element_type=\"widget\" data-widget_type=\"heading.default\">\n\t\t\t\t<div class=\"elementor-widget-container\">\n\t\t\t\t\t<h2 class=\"elementor-heading-title elementor-size-default\">DigitalPR.eu \u2014 Creada en Espa\u00f1a<\/h2>\t\t\t\t<\/div>\n\t\t\t\t<\/div>\n\t\t\t\t<div class=\"elementor-element elementor-element-1c9acd9 elementor-widget elementor-widget-text-editor\" data-id=\"1c9acd9\" data-element_type=\"widget\" data-widget_type=\"text-editor.default\">\n\t\t\t\t<div class=\"elementor-widget-container\">\n\t\t\t\t\t\t\t\t\t<p data-start=\"1141\" data-end=\"1458\">El digital PR eficaz no va solo de difusi\u00f3n: va de conseguir cobertura real en medios que mueven autoridad.<br data-start=\"1248\" data-end=\"1251\" \/>Creamos campa\u00f1as basadas en datos que logran apariciones en medios l\u00edderes como <em data-start=\"1331\" data-end=\"1417\">Forbes, Cosmopolitan, Business Insider,<\/em> y otros referentes del panorama espa\u00f1ol.<\/p>\n<p data-start=\"1460\" data-end=\"1641\">Con oficinas en Barcelona, y como la divisi\u00f3n espa\u00f1ola de DigitalPR.eu, unimos conocimiento del mercado espa\u00f1ol con nuestra fuerza PR europea.<br data-start=\"1573\" data-end=\"1576\" \/><strong data-start=\"1576\" data-end=\"1641\">Relevancia local. Alcance internacional. Una sola estrategia.<\/strong><\/p>\t\t\t\t\t\t\t\t<\/div>\n\t\t\t\t<\/div>\n\t\t\t\t\t<\/div>\n\t\t\t\t<\/div>\n\t\t<div class=\"elementor-element elementor-element-91bd172 e-grid e-con-boxed e-con e-parent\" data-id=\"91bd172\" data-element_type=\"container\">\n\t\t\t\t\t<div class=\"e-con-inner\">\n\t\t\t\t<div class=\"elementor-element elementor-element-d81b228 elementor-widget elementor-widget-heading\" data-id=\"d81b228\" data-element_type=\"widget\" data-widget_type=\"heading.default\">\n\t\t\t\t<div class=\"elementor-widget-container\">\n\t\t\t\t\t<h2 class=\"elementor-heading-title elementor-size-default\">Tu acceso directo al mercado de habla alemana<\/h2>\t\t\t\t<\/div>\n\t\t\t\t<\/div>\n\t\t\t\t<div class=\"elementor-element elementor-element-dae3f92 elementor-widget elementor-widget-text-editor\" data-id=\"dae3f92\" data-element_type=\"widget\" data-widget_type=\"text-editor.default\">\n\t\t\t\t<div class=\"elementor-widget-container\">\n\t\t\t\t\t\t\t\t\t<p data-start=\"1707\" data-end=\"2012\">La regi\u00f3n DACH (Alemania, Austria y Suiza) re\u00fane m\u00e1s de 100 millones de consumidores y el mayor poder adquisitivo de Europa.<br data-start=\"1831\" data-end=\"1834\" \/>Aparecer en medios alemanes, austriacos o suizos no solo genera backlinks de calidad: construye credibilidad en mercados donde la excelencia y la innovaci\u00f3n marcan la diferencia.<\/p>\n<p data-start=\"2014\" data-end=\"2239\">Nuestro equipo te ofrece acceso directo y garantizado a medios de habla alemana a trav\u00e9s de nuestra red consolidada.<br data-start=\"2130\" data-end=\"2133\" \/>Tu marca entra en los mercados econ\u00f3micos m\u00e1s fuertes de Europa \u2014 sin barreras culturales ni ling\u00fc\u00edsticas.<\/p>\n<p><img decoding=\"async\" class=\"emoji\" role=\"img\" draggable=\"false\" src=\"https:\/\/s.w.org\/images\/core\/emoji\/16.0.1\/svg\/1f4a5.svg\" alt=\"\ud83d\udca5\" \/> Red DACH consolidada<br \/><img decoding=\"async\" class=\"emoji\" role=\"img\" draggable=\"false\" src=\"https:\/\/s.w.org\/images\/core\/emoji\/16.0.1\/svg\/1f4a5.svg\" alt=\"\ud83d\udca5\" \/> Cobertura garantizada en Alemania, Austria y Suiza<br \/><img decoding=\"async\" class=\"emoji\" role=\"img\" draggable=\"false\" src=\"https:\/\/s.w.org\/images\/core\/emoji\/16.0.1\/svg\/1f4a5.svg\" alt=\"\ud83d\udca5\" \/> Campa\u00f1as con potencial viral \u2014 piensa a lo grande<\/p>\n<p>Mientras tu competencia se queda luchando por visibilidad local, t\u00fa te posicionas en las regiones m\u00e1s valiosas de Europa.<\/p>\t\t\t\t\t\t\t\t<\/div>\n\t\t\t\t<\/div>\n\t\t\t\t\t<\/div>\n\t\t\t\t<\/div>\n\t\t<div class=\"elementor-element elementor-element-1662fa1 e-grid description e-con-boxed e-con e-parent\" data-id=\"1662fa1\" data-element_type=\"container\">\n\t\t\t\t\t<div class=\"e-con-inner\">\n\t\t\t\t<div class=\"elementor-element elementor-element-ecde5e8 elementor-widget elementor-widget-heading\" data-id=\"ecde5e8\" data-element_type=\"widget\" data-widget_type=\"heading.default\">\n\t\t\t\t<div class=\"elementor-widget-container\">\n\t\t\t\t\t<h2 class=\"elementor-heading-title elementor-size-default\">Somos expertos en Digital PR<\/h2>\t\t\t\t<\/div>\n\t\t\t\t<\/div>\n\t\t\t\t<div class=\"elementor-element elementor-element-ad2e48a elementor-widget elementor-widget-text-editor\" data-id=\"ad2e48a\" data-element_type=\"widget\" data-widget_type=\"text-editor.default\">\n\t\t\t\t<div class=\"elementor-widget-container\">\n\t\t\t\t\t\t\t\t\t<p>Combinamos creatividad, estrategia y data.<br>\nCreamos historias que viajan \u2014 y que se recuerdan. <br>No seguimos las reglas antiguas del PR; las reinventamos. <br><b>Tu marca tiene algo que decir.<\/b><br> Nosotros nos aseguramos de que el mercado la escuche \u2014 y la recuerde.<\/p>\t\t\t\t\t\t\t\t<\/div>\n\t\t\t\t<\/div>\n\t\t\t\t<div class=\"elementor-element elementor-element-a341db7 elementor-widget elementor-widget-toggle\" data-id=\"a341db7\" data-element_type=\"widget\" data-widget_type=\"toggle.default\">\n\t\t\t\t<div class=\"elementor-widget-container\">\n\t\t\t\t\t\t\t<div class=\"elementor-toggle\">\n\t\t\t\t\t\t\t<div class=\"elementor-toggle-item\">\n\t\t\t\t\t<div id=\"elementor-tab-title-1711\" class=\"elementor-tab-title\" data-tab=\"1\" role=\"button\" aria-controls=\"elementor-tab-content-1711\" aria-expanded=\"false\">\n\t\t\t\t\t\t\t\t\t\t\t\t<span class=\"elementor-toggle-icon elementor-toggle-icon-right\" aria-hidden=\"true\">\n\t\t\t\t\t\t\t\t\t\t\t\t\t\t\t<span class=\"elementor-toggle-icon-closed\"><svg class=\"e-font-icon-svg e-fas-chevron-down\" viewbox=\"0 0 448 512\" xmlns=\"http:\/\/www.w3.org\/2000\/svg\"><path d=\"M207.029 381.476L12.686 187.132c-9.373-9.373-9.373-24.569 0-33.941l22.667-22.667c9.357-9.357 24.522-9.375 33.901-.04L224 284.505l154.745-154.021c9.379-9.335 24.544-9.317 33.901.04l22.667 22.667c9.373 9.373 9.373 24.569 0 33.941L240.971 381.476c-9.373 9.372-24.569 9.372-33.942 0z\"><\/path><\/svg><\/span>\n\t\t\t\t\t\t\t\t<span class=\"elementor-toggle-icon-opened\"><svg class=\"elementor-toggle-icon-opened e-font-icon-svg e-fas-chevron-up\" viewbox=\"0 0 448 512\" xmlns=\"http:\/\/www.w3.org\/2000\/svg\"><path d=\"M240.971 130.524l194.343 194.343c9.373 9.373 9.373 24.569 0 33.941l-22.667 22.667c-9.357 9.357-24.522 9.375-33.901.04L224 227.495 69.255 381.516c-9.379 9.335-24.544 9.317-33.901-.04l-22.667-22.667c-9.373-9.373-9.373-24.569 0-33.941L207.03 130.525c9.372-9.373 24.568-9.373 33.941-.001z\"><\/path><\/svg><\/span>\n\t\t\t\t\t\t\t\t\t\t\t\t\t<\/span>\n\t\t\t\t\t\t\t\t\t\t\t\t<a class=\"elementor-toggle-title\" tabindex=\"0\">\u00bfCu\u00e1ntas apariciones en medios puedo esperar?<\/a>\n\t\t\t\t\t<\/div>\n\n\t\t\t\t\t<div id=\"elementor-tab-content-1711\" class=\"elementor-tab-content elementor-clearfix\" data-tab=\"1\" role=\"region\" aria-labelledby=\"elementor-tab-title-1711\"><p data-start=\"338\" data-end=\"610\">No prometemos milagros \u2014 solo estrategia inteligente, contactos reales y un equipo que se implica de verdad en tus resultados.<br data-start=\"464\" data-end=\"467\" \/>En Espa\u00f1a, buscamos cobertura que importe: medios con autoridad, relevancia real y apariciones que impulsen las m\u00e9tricas que de verdad cuentan.<\/p>\n<p data-start=\"612\" data-end=\"950\">\u00bfY qu\u00e9 puedes esperar? Cobertura por campa\u00f1a, adaptada a tu sector, a tus objetivos y al tipo de impacto que quieres generar.<br data-start=\"737\" data-end=\"740\" \/>Y como formamos parte de un equipo europeo, tambi\u00e9n accedes a nuestras coberturas aseguradas en la regi\u00f3n DACH (Alemania, Austria y Suiza) \u2014 un alcance internacional que pocas agencias espa\u00f1olas pueden ofrecer.<\/p><\/div>\n\t\t\t\t<\/div>\n\t\t\t\t\t\t\t<div class=\"elementor-toggle-item\">\n\t\t\t\t\t<div id=\"elementor-tab-title-1712\" class=\"elementor-tab-title\" data-tab=\"2\" role=\"button\" aria-controls=\"elementor-tab-content-1712\" aria-expanded=\"false\">\n\t\t\t\t\t\t\t\t\t\t\t\t<span class=\"elementor-toggle-icon elementor-toggle-icon-right\" aria-hidden=\"true\">\n\t\t\t\t\t\t\t\t\t\t\t\t\t\t\t<span class=\"elementor-toggle-icon-closed\"><svg class=\"e-font-icon-svg e-fas-chevron-down\" viewbox=\"0 0 448 512\" xmlns=\"http:\/\/www.w3.org\/2000\/svg\"><path d=\"M207.029 381.476L12.686 187.132c-9.373-9.373-9.373-24.569 0-33.941l22.667-22.667c9.357-9.357 24.522-9.375 33.901-.04L224 284.505l154.745-154.021c9.379-9.335 24.544-9.317 33.901.04l22.667 22.667c9.373 9.373 9.373 24.569 0 33.941L240.971 381.476c-9.373 9.372-24.569 9.372-33.942 0z\"><\/path><\/svg><\/span>\n\t\t\t\t\t\t\t\t<span class=\"elementor-toggle-icon-opened\"><svg class=\"elementor-toggle-icon-opened e-font-icon-svg e-fas-chevron-up\" viewbox=\"0 0 448 512\" xmlns=\"http:\/\/www.w3.org\/2000\/svg\"><path d=\"M240.971 130.524l194.343 194.343c9.373 9.373 9.373 24.569 0 33.941l-22.667 22.667c-9.357 9.357-24.522 9.375-33.901.04L224 227.495 69.255 381.516c-9.379 9.335-24.544 9.317-33.901-.04l-22.667-22.667c-9.373-9.373-9.373-24.569 0-33.941L207.03 130.525c9.372-9.373 24.568-9.373 33.941-.001z\"><\/path><\/svg><\/span>\n\t\t\t\t\t\t\t\t\t\t\t\t\t<\/span>\n\t\t\t\t\t\t\t\t\t\t\t\t<a class=\"elementor-toggle-title\" tabindex=\"0\">\u00bfCon qu\u00e9 medios trabajamos en Espa\u00f1a?<\/a>\n\t\t\t\t\t<\/div>\n\n\t\t\t\t\t<div id=\"elementor-tab-content-1712\" class=\"elementor-tab-content elementor-clearfix\" data-tab=\"2\" role=\"region\" aria-labelledby=\"elementor-tab-title-1712\"><p data-start=\"240\" data-end=\"556\">Nuestra estrategia de comunicaci\u00f3n en Espa\u00f1a se centra en los medios que de verdad importan para tu marca: cabeceras nacionales de prestigio, medios digitales de referencia y prensa sectorial que tu audiencia realmente consume \u2014 desde <em data-start=\"475\" data-end=\"484\">El Pa\u00eds<\/em>, <em data-start=\"486\" data-end=\"496\">El Mundo<\/em> o <em data-start=\"499\" data-end=\"510\">Expansi\u00f3n<\/em>, hasta medios especializados en tu industria.<\/p>\n<p data-start=\"558\" data-end=\"659\">Priorizamos apariciones de calidad que aporten visibilidad, credibilidad y un impacto real en tu SEO.<\/p>\n<p data-start=\"661\" data-end=\"892\">Cada campa\u00f1a se construye alrededor de tu sector, tus objetivos y las historias que mejor encajan con los periodistas adecuados.<br data-start=\"789\" data-end=\"792\" \/>Sin plantillas. Sin listas gen\u00e9ricas.<br data-start=\"829\" data-end=\"832\" \/>Solo PR estrat\u00e9gico, personalizado y enfocado en resultados.<\/p>\n<p data-start=\"894\" data-end=\"983\">Y adem\u00e1s: <strong data-start=\"904\" data-end=\"983\">Espa\u00f1a + DACH = un alcance medi\u00e1tico que muy pocas agencias pueden ofrecer.<\/strong><\/p><\/div>\n\t\t\t\t<\/div>\n\t\t\t\t\t\t\t<div class=\"elementor-toggle-item\">\n\t\t\t\t\t<div id=\"elementor-tab-title-1713\" class=\"elementor-tab-title\" data-tab=\"3\" role=\"button\" aria-controls=\"elementor-tab-content-1713\" aria-expanded=\"false\">\n\t\t\t\t\t\t\t\t\t\t\t\t<span class=\"elementor-toggle-icon elementor-toggle-icon-right\" aria-hidden=\"true\">\n\t\t\t\t\t\t\t\t\t\t\t\t\t\t\t<span class=\"elementor-toggle-icon-closed\"><svg class=\"e-font-icon-svg e-fas-chevron-down\" viewbox=\"0 0 448 512\" xmlns=\"http:\/\/www.w3.org\/2000\/svg\"><path d=\"M207.029 381.476L12.686 187.132c-9.373-9.373-9.373-24.569 0-33.941l22.667-22.667c9.357-9.357 24.522-9.375 33.901-.04L224 284.505l154.745-154.021c9.379-9.335 24.544-9.317 33.901.04l22.667 22.667c9.373 9.373 9.373 24.569 0 33.941L240.971 381.476c-9.373 9.372-24.569 9.372-33.942 0z\"><\/path><\/svg><\/span>\n\t\t\t\t\t\t\t\t<span class=\"elementor-toggle-icon-opened\"><svg class=\"elementor-toggle-icon-opened e-font-icon-svg e-fas-chevron-up\" viewbox=\"0 0 448 512\" xmlns=\"http:\/\/www.w3.org\/2000\/svg\"><path d=\"M240.971 130.524l194.343 194.343c9.373 9.373 9.373 24.569 0 33.941l-22.667 22.667c-9.357 9.357-24.522 9.375-33.901.04L224 227.495 69.255 381.516c-9.379 9.335-24.544 9.317-33.901-.04l-22.667-22.667c-9.373-9.373-9.373-24.569 0-33.941L207.03 130.525c9.372-9.373 24.568-9.373 33.941-.001z\"><\/path><\/svg><\/span>\n\t\t\t\t\t\t\t\t\t\t\t\t\t<\/span>\n\t\t\t\t\t\t\t\t\t\t\t\t<a class=\"elementor-toggle-title\" tabindex=\"0\">\u00bfCu\u00e1nto cuesta una campa\u00f1a de Digital PR en Espa\u00f1a?<\/a>\n\t\t\t\t\t<\/div>\n\n\t\t\t\t\t<div id=\"elementor-tab-content-1713\" class=\"elementor-tab-content elementor-clearfix\" data-tab=\"3\" role=\"region\" aria-labelledby=\"elementor-tab-title-1713\"><p data-start=\"2165\" data-end=\"2301\">Pregunta inversa: \u00bfcu\u00e1nto vale para tu marca aparecer en <em data-start=\"3335\" data-end=\"3350\">Forbes Espa\u00f1a<\/em>, <em data-start=\"3352\" data-end=\"3361\">El Pa\u00eds<\/em> o <em data-start=\"3364\" data-end=\"3382\">Business Insider<\/em>?<br data-start=\"3383\" data-end=\"3386\" \/>\u00bfY qu\u00e9 valor tienen m\u00e1s de 30 publicaciones garantizadas en la regi\u00f3n DACH?<\/p>\n<p data-start=\"2165\" data-end=\"2301\">La Digital PR cuesta dinero, s\u00ed, pero tambi\u00e9n genera resultados reales. Y somos transparentes: creamos estrategias a medida que se adaptan a tus objetivos, tus plazos y tus ambiciones. Priorizamos la calidad sobre la cantidad, el impacto a largo plazo sobre las m\u00e9tricas de vanidad y la cobertura real por encima del ruido. Resultados org\u00e1nicos, backlinks s\u00f3lidos y visibilidad que perdura.<\/p>\n<p data-start=\"2165\" data-end=\"2301\">Crecimiento duradero y sostenible.<\/p><\/div>\n\t\t\t\t<\/div>\n\t\t\t\t\t\t\t<div class=\"elementor-toggle-item\">\n\t\t\t\t\t<div id=\"elementor-tab-title-1714\" class=\"elementor-tab-title\" data-tab=\"4\" role=\"button\" aria-controls=\"elementor-tab-content-1714\" aria-expanded=\"false\">\n\t\t\t\t\t\t\t\t\t\t\t\t<span class=\"elementor-toggle-icon elementor-toggle-icon-right\" aria-hidden=\"true\">\n\t\t\t\t\t\t\t\t\t\t\t\t\t\t\t<span class=\"elementor-toggle-icon-closed\"><svg class=\"e-font-icon-svg e-fas-chevron-down\" viewbox=\"0 0 448 512\" xmlns=\"http:\/\/www.w3.org\/2000\/svg\"><path d=\"M207.029 381.476L12.686 187.132c-9.373-9.373-9.373-24.569 0-33.941l22.667-22.667c9.357-9.357 24.522-9.375 33.901-.04L224 284.505l154.745-154.021c9.379-9.335 24.544-9.317 33.901.04l22.667 22.667c9.373 9.373 9.373 24.569 0 33.941L240.971 381.476c-9.373 9.372-24.569 9.372-33.942 0z\"><\/path><\/svg><\/span>\n\t\t\t\t\t\t\t\t<span class=\"elementor-toggle-icon-opened\"><svg class=\"elementor-toggle-icon-opened e-font-icon-svg e-fas-chevron-up\" viewbox=\"0 0 448 512\" xmlns=\"http:\/\/www.w3.org\/2000\/svg\"><path d=\"M240.971 130.524l194.343 194.343c9.373 9.373 9.373 24.569 0 33.941l-22.667 22.667c-9.357 9.357-24.522 9.375-33.901.04L224 227.495 69.255 381.516c-9.379 9.335-24.544 9.317-33.901-.04l-22.667-22.667c-9.373-9.373-9.373-24.569 0-33.941L207.03 130.525c9.372-9.373 24.568-9.373 33.941-.001z\"><\/path><\/svg><\/span>\n\t\t\t\t\t\t\t\t\t\t\t\t\t<\/span>\n\t\t\t\t\t\t\t\t\t\t\t\t<a class=\"elementor-toggle-title\" tabindex=\"0\">\u00bfQu\u00e9 NO hacemos?<\/a>\n\t\t\t\t\t<\/div>\n\n\t\t\t\t\t<div id=\"elementor-tab-content-1714\" class=\"elementor-tab-content elementor-clearfix\" data-tab=\"4\" role=\"region\" aria-labelledby=\"elementor-tab-title-1714\"><p data-start=\"2626\" data-end=\"2745\">No compramos enlaces. <br>No pagamos a periodistas.<br\/>Hacemos Digital PR de verdad: visibilidad org\u00e1nica, menciones editoriales y backlinks de alta autoridad que mejoran tu posicionamiento y fortalecen la reputaci\u00f3n de tu marca.<\/p><\/div>\n\t\t\t\t<\/div>\n\t\t\t\t\t\t\t<div class=\"elementor-toggle-item\">\n\t\t\t\t\t<div id=\"elementor-tab-title-1715\" class=\"elementor-tab-title\" data-tab=\"5\" role=\"button\" aria-controls=\"elementor-tab-content-1715\" aria-expanded=\"false\">\n\t\t\t\t\t\t\t\t\t\t\t\t<span class=\"elementor-toggle-icon elementor-toggle-icon-right\" aria-hidden=\"true\">\n\t\t\t\t\t\t\t\t\t\t\t\t\t\t\t<span class=\"elementor-toggle-icon-closed\"><svg class=\"e-font-icon-svg e-fas-chevron-down\" viewbox=\"0 0 448 512\" xmlns=\"http:\/\/www.w3.org\/2000\/svg\"><path d=\"M207.029 381.476L12.686 187.132c-9.373-9.373-9.373-24.569 0-33.941l22.667-22.667c9.357-9.357 24.522-9.375 33.901-.04L224 284.505l154.745-154.021c9.379-9.335 24.544-9.317 33.901.04l22.667 22.667c9.373 9.373 9.373 24.569 0 33.941L240.971 381.476c-9.373 9.372-24.569 9.372-33.942 0z\"><\/path><\/svg><\/span>\n\t\t\t\t\t\t\t\t<span class=\"elementor-toggle-icon-opened\"><svg class=\"elementor-toggle-icon-opened e-font-icon-svg e-fas-chevron-up\" viewbox=\"0 0 448 512\" xmlns=\"http:\/\/www.w3.org\/2000\/svg\"><path d=\"M240.971 130.524l194.343 194.343c9.373 9.373 9.373 24.569 0 33.941l-22.667 22.667c-9.357 9.357-24.522 9.375-33.901.04L224 227.495 69.255 381.516c-9.379 9.335-24.544 9.317-33.901-.04l-22.667-22.667c-9.373-9.373-9.373-24.569 0-33.941L207.03 130.525c9.372-9.373 24.568-9.373 33.941-.001z\"><\/path><\/svg><\/span>\n\t\t\t\t\t\t\t\t\t\t\t\t\t<\/span>\n\t\t\t\t\t\t\t\t\t\t\t\t<a class=\"elementor-toggle-title\" tabindex=\"0\">\u00bfOfrecemos garant\u00edas?<\/a>\n\t\t\t\t\t<\/div>\n\n\t\t\t\t\t<div id=\"elementor-tab-content-1715\" class=\"elementor-tab-content elementor-clearfix\" data-tab=\"5\" role=\"region\" aria-labelledby=\"elementor-tab-title-1715\"><p data-start=\"119\" data-end=\"319\"><strong data-start=\"119\" data-end=\"319\">Nuestro historial \u2014 <\/strong>jam\u00e1s hemos realizado una campa\u00f1a sin resultados.<strong data-start=\"119\" data-end=\"319\"><br data-start=\"190\" data-end=\"193\" \/>Y nuestra transparencia \u2014 <\/strong>fijamos las expectativas contigo desde el principio, con objetivos concretos y entregables claros.<\/p>\n<p data-start=\"321\" data-end=\"499\">Establecemos las metas juntos, con plazos realistas y total claridad.<br data-start=\"390\" data-end=\"393\" \/>Y trabajamos hasta que la historia se publique.<br data-start=\"440\" data-end=\"443\" \/>Sin adivinanzas, sin promesas vac\u00edas, sin desaparecer.<\/p><\/div>\n\t\t\t\t<\/div>\n\t\t\t\t\t\t\t<div class=\"elementor-toggle-item\">\n\t\t\t\t\t<div id=\"elementor-tab-title-1716\" class=\"elementor-tab-title\" data-tab=\"6\" role=\"button\" aria-controls=\"elementor-tab-content-1716\" aria-expanded=\"false\">\n\t\t\t\t\t\t\t\t\t\t\t\t<span class=\"elementor-toggle-icon elementor-toggle-icon-right\" aria-hidden=\"true\">\n\t\t\t\t\t\t\t\t\t\t\t\t\t\t\t<span class=\"elementor-toggle-icon-closed\"><svg class=\"e-font-icon-svg e-fas-chevron-down\" viewbox=\"0 0 448 512\" xmlns=\"http:\/\/www.w3.org\/2000\/svg\"><path d=\"M207.029 381.476L12.686 187.132c-9.373-9.373-9.373-24.569 0-33.941l22.667-22.667c9.357-9.357 24.522-9.375 33.901-.04L224 284.505l154.745-154.021c9.379-9.335 24.544-9.317 33.901.04l22.667 22.667c9.373 9.373 9.373 24.569 0 33.941L240.971 381.476c-9.373 9.372-24.569 9.372-33.942 0z\"><\/path><\/svg><\/span>\n\t\t\t\t\t\t\t\t<span class=\"elementor-toggle-icon-opened\"><svg class=\"elementor-toggle-icon-opened e-font-icon-svg e-fas-chevron-up\" viewbox=\"0 0 448 512\" xmlns=\"http:\/\/www.w3.org\/2000\/svg\"><path d=\"M240.971 130.524l194.343 194.343c9.373 9.373 9.373 24.569 0 33.941l-22.667 22.667c-9.357 9.357-24.522 9.375-33.901.04L224 227.495 69.255 381.516c-9.379 9.335-24.544 9.317-33.901-.04l-22.667-22.667c-9.373-9.373-9.373-24.569 0-33.941L207.03 130.525c9.372-9.373 24.568-9.373 33.941-.001z\"><\/path><\/svg><\/span>\n\t\t\t\t\t\t\t\t\t\t\t\t\t<\/span>\n\t\t\t\t\t\t\t\t\t\t\t\t<a class=\"elementor-toggle-title\" tabindex=\"0\">\u00bfAyuda el Digital PR con el SEO y el GEO?<\/a>\n\t\t\t\t\t<\/div>\n\n\t\t\t\t\t<div id=\"elementor-tab-content-1716\" class=\"elementor-tab-content elementor-clearfix\" data-tab=\"6\" role=\"region\" aria-labelledby=\"elementor-tab-title-1716\"><p><strong data-start=\"107\" data-end=\"126\">S\u00ed \u2014 much\u00edsimo.<\/strong><br data-start=\"126\" data-end=\"129\" \/>La cobertura editorial en medios de confianza genera exactamente el tipo de se\u00f1ales independientes que utilizan los modelos de IA generativa.<br data-start=\"270\" data-end=\"273\" \/>Mejores menciones \u2192 mayor autoridad \u2192 mejor visibilidad impulsada por IA en plataformas como ChatGPT, Gemini o Perplexity.<\/p><\/div>\n\t\t\t\t<\/div>\n\t\t\t\t\t\t\t<div class=\"elementor-toggle-item\">\n\t\t\t\t\t<div id=\"elementor-tab-title-1717\" class=\"elementor-tab-title\" data-tab=\"7\" role=\"button\" aria-controls=\"elementor-tab-content-1717\" aria-expanded=\"false\">\n\t\t\t\t\t\t\t\t\t\t\t\t<span class=\"elementor-toggle-icon elementor-toggle-icon-right\" aria-hidden=\"true\">\n\t\t\t\t\t\t\t\t\t\t\t\t\t\t\t<span class=\"elementor-toggle-icon-closed\"><svg class=\"e-font-icon-svg e-fas-chevron-down\" viewbox=\"0 0 448 512\" xmlns=\"http:\/\/www.w3.org\/2000\/svg\"><path d=\"M207.029 381.476L12.686 187.132c-9.373-9.373-9.373-24.569 0-33.941l22.667-22.667c9.357-9.357 24.522-9.375 33.901-.04L224 284.505l154.745-154.021c9.379-9.335 24.544-9.317 33.901.04l22.667 22.667c9.373 9.373 9.373 24.569 0 33.941L240.971 381.476c-9.373 9.372-24.569 9.372-33.942 0z\"><\/path><\/svg><\/span>\n\t\t\t\t\t\t\t\t<span class=\"elementor-toggle-icon-opened\"><svg class=\"elementor-toggle-icon-opened e-font-icon-svg e-fas-chevron-up\" viewbox=\"0 0 448 512\" xmlns=\"http:\/\/www.w3.org\/2000\/svg\"><path d=\"M240.971 130.524l194.343 194.343c9.373 9.373 9.373 24.569 0 33.941l-22.667 22.667c-9.357 9.357-24.522 9.375-33.901.04L224 227.495 69.255 381.516c-9.379 9.335-24.544 9.317-33.901-.04l-22.667-22.667c-9.373-9.373-9.373-24.569 0-33.941L207.03 130.525c9.372-9.373 24.568-9.373 33.941-.001z\"><\/path><\/svg><\/span>\n\t\t\t\t\t\t\t\t\t\t\t\t\t<\/span>\n\t\t\t\t\t\t\t\t\t\t\t\t<a class=\"elementor-toggle-title\" tabindex=\"0\">\u00bfPodemos combinar campa\u00f1as en Espa\u00f1a y DACH?<\/a>\n\t\t\t\t\t<\/div>\n\n\t\t\t\t\t<div id=\"elementor-tab-content-1717\" class=\"elementor-tab-content elementor-clearfix\" data-tab=\"7\" role=\"region\" aria-labelledby=\"elementor-tab-title-1717\"><p data-start=\"136\" data-end=\"221\"><strong data-start=\"140\" data-end=\"219\">S\u00ed \u2014 y ah\u00ed es donde superamos a la mayor\u00eda de las agencias de Espa\u00f1a.<\/strong><\/p>\n<p data-start=\"222\" data-end=\"407\">Puedes lanzar una campa\u00f1a en Espa\u00f1a para ganar visibilidad nacional y, al mismo tiempo, a\u00f1adir nuestra cobertura garantizada en la regi\u00f3n DACH para construir autoridad en Europa.<\/p>\n<p data-start=\"409\" data-end=\"455\"><strong data-start=\"409\" data-end=\"455\">Una agencia. Dos mercados. Triple impacto.<\/strong><\/p><\/div>\n\t\t\t\t<\/div>\n\t\t\t\t\t\t\t<div class=\"elementor-toggle-item\">\n\t\t\t\t\t<div id=\"elementor-tab-title-1718\" class=\"elementor-tab-title\" data-tab=\"8\" role=\"button\" aria-controls=\"elementor-tab-content-1718\" aria-expanded=\"false\">\n\t\t\t\t\t\t\t\t\t\t\t\t<span class=\"elementor-toggle-icon elementor-toggle-icon-right\" aria-hidden=\"true\">\n\t\t\t\t\t\t\t\t\t\t\t\t\t\t\t<span class=\"elementor-toggle-icon-closed\"><svg class=\"e-font-icon-svg e-fas-chevron-down\" viewbox=\"0 0 448 512\" xmlns=\"http:\/\/www.w3.org\/2000\/svg\"><path d=\"M207.029 381.476L12.686 187.132c-9.373-9.373-9.373-24.569 0-33.941l22.667-22.667c9.357-9.357 24.522-9.375 33.901-.04L224 284.505l154.745-154.021c9.379-9.335 24.544-9.317 33.901.04l22.667 22.667c9.373 9.373 9.373 24.569 0 33.941L240.971 381.476c-9.373 9.372-24.569 9.372-33.942 0z\"><\/path><\/svg><\/span>\n\t\t\t\t\t\t\t\t<span class=\"elementor-toggle-icon-opened\"><svg class=\"elementor-toggle-icon-opened e-font-icon-svg e-fas-chevron-up\" viewbox=\"0 0 448 512\" xmlns=\"http:\/\/www.w3.org\/2000\/svg\"><path d=\"M240.971 130.524l194.343 194.343c9.373 9.373 9.373 24.569 0 33.941l-22.667 22.667c-9.357 9.357-24.522 9.375-33.901.04L224 227.495 69.255 381.516c-9.379 9.335-24.544 9.317-33.901-.04l-22.667-22.667c-9.373-9.373-9.373-24.569 0-33.941L207.03 130.525c9.372-9.373 24.568-9.373 33.941-.001z\"><\/path><\/svg><\/span>\n\t\t\t\t\t\t\t\t\t\t\t\t\t<\/span>\n\t\t\t\t\t\t\t\t\t\t\t\t<a class=\"elementor-toggle-title\" tabindex=\"0\">\u00bfPod\u00e9is conseguir cobertura en medios top espa\u00f1oles?<\/a>\n\t\t\t\t\t<\/div>\n\n\t\t\t\t\t<div id=\"elementor-tab-content-1718\" class=\"elementor-tab-content elementor-clearfix\" data-tab=\"8\" role=\"region\" aria-labelledby=\"elementor-tab-title-1718\"><p>\u00a1Por supuesto!<\/p>\n<p>La cobertura en medios como <em data-start=\"5938\" data-end=\"5947\">El Pa\u00eds<\/em>, <em data-start=\"5949\" data-end=\"5964\">Forbes Espa\u00f1a<\/em>, <em data-start=\"5966\" data-end=\"5991\">Business Insider Espa\u00f1a<\/em> o <em data-start=\"5994\" data-end=\"6008\">Vogue Espa\u00f1a<\/em> no ocurre por casualidad.<br data-start=\"6034\" data-end=\"6037\" \/>Requiere buenos datos, \u00e1ngulos s\u00f3lidos y una historia que los periodistas realmente quieran contar.<br data-start=\"6136\" data-end=\"6139\" \/>Para eso estamos: para crear campa\u00f1as dise\u00f1adas para aparecer en los medios m\u00e1s relevantes y cre\u00edbles de tu sector en Espa\u00f1a.<\/p><\/div>\n\t\t\t\t<\/div>\n\t\t\t\t\t\t\t\t\t\t<script type=\"application\/ld+json\">{\"@context\":\"https:\\\/\\\/schema.org\",\"@type\":\"FAQPage\",\"mainEntity\":[{\"@type\":\"Question\",\"name\":\"\\u00bfCu\\u00e1ntas apariciones en medios puedo esperar?\",\"acceptedAnswer\":{\"@type\":\"Answer\",\"text\":\"<p data-start=\\\"338\\\" data-end=\\\"610\\\">No prometemos milagros \\u2014 solo estrategia inteligente, contactos reales y un equipo que se implica de verdad en tus resultados.<br data-start=\\\"464\\\" data-end=\\\"467\\\" \\\/>En Espa\\u00f1a, buscamos cobertura que importe: medios con autoridad, relevancia real y apariciones que impulsen las m\\u00e9tricas que de verdad cuentan.<\\\/p>\\n<p data-start=\\\"612\\\" data-end=\\\"950\\\">\\u00bfY qu\\u00e9 puedes esperar? Cobertura por campa\\u00f1a, adaptada a tu sector, a tus objetivos y al tipo de impacto que quieres generar.<br data-start=\\\"737\\\" data-end=\\\"740\\\" \\\/>Y como formamos parte de un equipo europeo, tambi\\u00e9n accedes a nuestras coberturas aseguradas en la regi\\u00f3n DACH (Alemania, Austria y Suiza) \\u2014 un alcance internacional que pocas agencias espa\\u00f1olas pueden ofrecer.<\\\/p>\"}},{\"@type\":\"Question\",\"name\":\"\\u00bfCon qu\\u00e9 medios trabajamos en Espa\\u00f1a?\",\"acceptedAnswer\":{\"@type\":\"Answer\",\"text\":\"<p data-start=\\\"240\\\" data-end=\\\"556\\\">Nuestra estrategia de comunicaci\\u00f3n en Espa\\u00f1a se centra en los medios que de verdad importan para tu marca: cabeceras nacionales de prestigio, medios digitales de referencia y prensa sectorial que tu audiencia realmente consume \\u2014 desde <em data-start=\\\"475\\\" data-end=\\\"484\\\">El Pa\\u00eds<\\\/em>, <em data-start=\\\"486\\\" data-end=\\\"496\\\">El Mundo<\\\/em> o <em data-start=\\\"499\\\" data-end=\\\"510\\\">Expansi\\u00f3n<\\\/em>, hasta medios especializados en tu industria.<\\\/p>\\n<p data-start=\\\"558\\\" data-end=\\\"659\\\">Priorizamos apariciones de calidad que aporten visibilidad, credibilidad y un impacto real en tu SEO.<\\\/p>\\n<p data-start=\\\"661\\\" data-end=\\\"892\\\">Cada campa\\u00f1a se construye alrededor de tu sector, tus objetivos y las historias que mejor encajan con los periodistas adecuados.<br data-start=\\\"789\\\" data-end=\\\"792\\\" \\\/>Sin plantillas. Sin listas gen\\u00e9ricas.<br data-start=\\\"829\\\" data-end=\\\"832\\\" \\\/>Solo PR estrat\\u00e9gico, personalizado y enfocado en resultados.<\\\/p>\\n<p data-start=\\\"894\\\" data-end=\\\"983\\\">Y adem\\u00e1s: <strong data-start=\\\"904\\\" data-end=\\\"983\\\">Espa\\u00f1a + DACH = un alcance medi\\u00e1tico que muy pocas agencias pueden ofrecer.<\\\/strong><\\\/p>\"}},{\"@type\":\"Question\",\"name\":\"\\u00bfCu\\u00e1nto cuesta una campa\\u00f1a de Digital PR en Espa\\u00f1a?\",\"acceptedAnswer\":{\"@type\":\"Answer\",\"text\":\"<p data-start=\\\"2165\\\" data-end=\\\"2301\\\">Pregunta inversa: \\u00bfcu\\u00e1nto vale para tu marca aparecer en <em data-start=\\\"3335\\\" data-end=\\\"3350\\\">Forbes Espa\\u00f1a<\\\/em>, <em data-start=\\\"3352\\\" data-end=\\\"3361\\\">El Pa\\u00eds<\\\/em> o <em data-start=\\\"3364\\\" data-end=\\\"3382\\\">Business Insider<\\\/em>?<br data-start=\\\"3383\\\" data-end=\\\"3386\\\" \\\/>\\u00bfY qu\\u00e9 valor tienen m\\u00e1s de 30 publicaciones garantizadas en la regi\\u00f3n DACH?<\\\/p>\\n<p data-start=\\\"2165\\\" data-end=\\\"2301\\\">La Digital PR cuesta dinero, s\\u00ed, pero tambi\\u00e9n genera resultados reales. Y somos transparentes: creamos estrategias a medida que se adaptan a tus objetivos, tus plazos y tus ambiciones. Priorizamos la calidad sobre la cantidad, el impacto a largo plazo sobre las m\\u00e9tricas de vanidad y la cobertura real por encima del ruido. Resultados org\\u00e1nicos, backlinks s\\u00f3lidos y visibilidad que perdura.<\\\/p>\\n<p data-start=\\\"2165\\\" data-end=\\\"2301\\\">Crecimiento duradero y sostenible.<\\\/p>\"}},{\"@type\":\"Question\",\"name\":\"\\u00bfQu\\u00e9 NO hacemos?\",\"acceptedAnswer\":{\"@type\":\"Answer\",\"text\":\"<p data-start=\\\"2626\\\" data-end=\\\"2745\\\">No compramos enlaces. <br>No pagamos a periodistas.<br\\\/>Hacemos Digital PR de verdad: visibilidad org\\u00e1nica, menciones editoriales y backlinks de alta autoridad que mejoran tu posicionamiento y fortalecen la reputaci\\u00f3n de tu marca.<\\\/p>\"}},{\"@type\":\"Question\",\"name\":\"\\u00bfOfrecemos garant\\u00edas?\",\"acceptedAnswer\":{\"@type\":\"Answer\",\"text\":\"<p data-start=\\\"119\\\" data-end=\\\"319\\\"><strong data-start=\\\"119\\\" data-end=\\\"319\\\">Nuestro historial \\u2014 <\\\/strong>jam\\u00e1s hemos realizado una campa\\u00f1a sin resultados.<strong data-start=\\\"119\\\" data-end=\\\"319\\\"><br data-start=\\\"190\\\" data-end=\\\"193\\\" \\\/>Y nuestra transparencia \\u2014 <\\\/strong>fijamos las expectativas contigo desde el principio, con objetivos concretos y entregables claros.<\\\/p>\\n<p data-start=\\\"321\\\" data-end=\\\"499\\\">Establecemos las metas juntos, con plazos realistas y total claridad.<br data-start=\\\"390\\\" data-end=\\\"393\\\" \\\/>Y trabajamos hasta que la historia se publique.<br data-start=\\\"440\\\" data-end=\\\"443\\\" \\\/>Sin adivinanzas, sin promesas vac\\u00edas, sin desaparecer.<\\\/p>\"}},{\"@type\":\"Question\",\"name\":\"\\u00bfAyuda el Digital PR con el SEO y el GEO?\",\"acceptedAnswer\":{\"@type\":\"Answer\",\"text\":\"<p><strong data-start=\\\"107\\\" data-end=\\\"126\\\">S\\u00ed \\u2014 much\\u00edsimo.<\\\/strong><br data-start=\\\"126\\\" data-end=\\\"129\\\" \\\/>La cobertura editorial en medios de confianza genera exactamente el tipo de se\\u00f1ales independientes que utilizan los modelos de IA generativa.<br data-start=\\\"270\\\" data-end=\\\"273\\\" \\\/>Mejores menciones \\u2192 mayor autoridad \\u2192 mejor visibilidad impulsada por IA en plataformas como ChatGPT, Gemini o Perplexity.<\\\/p>\"}},{\"@type\":\"Question\",\"name\":\"\\u00bfPodemos combinar campa\\u00f1as en Espa\\u00f1a y DACH?\",\"acceptedAnswer\":{\"@type\":\"Answer\",\"text\":\"<p data-start=\\\"136\\\" data-end=\\\"221\\\"><strong data-start=\\\"140\\\" data-end=\\\"219\\\">S\\u00ed \\u2014 y ah\\u00ed es donde superamos a la mayor\\u00eda de las agencias de Espa\\u00f1a.<\\\/strong><\\\/p>\\n<p data-start=\\\"222\\\" data-end=\\\"407\\\">Puedes lanzar una campa\\u00f1a en Espa\\u00f1a para ganar visibilidad nacional y, al mismo tiempo, a\\u00f1adir nuestra cobertura garantizada en la regi\\u00f3n DACH para construir autoridad en Europa.<\\\/p>\\n<p data-start=\\\"409\\\" data-end=\\\"455\\\"><strong data-start=\\\"409\\\" data-end=\\\"455\\\">Una agencia. Dos mercados. Triple impacto.<\\\/strong><\\\/p>\"}},{\"@type\":\"Question\",\"name\":\"\\u00bfPod\\u00e9is conseguir cobertura en medios top espa\\u00f1oles?\",\"acceptedAnswer\":{\"@type\":\"Answer\",\"text\":\"<p>\\u00a1Por supuesto!<\\\/p>\\n<p>La cobertura en medios como <em data-start=\\\"5938\\\" data-end=\\\"5947\\\">El Pa\\u00eds<\\\/em>, <em data-start=\\\"5949\\\" data-end=\\\"5964\\\">Forbes Espa\\u00f1a<\\\/em>, <em data-start=\\\"5966\\\" data-end=\\\"5991\\\">Business Insider Espa\\u00f1a<\\\/em> o <em data-start=\\\"5994\\\" data-end=\\\"6008\\\">Vogue Espa\\u00f1a<\\\/em> no ocurre por casualidad.<br data-start=\\\"6034\\\" data-end=\\\"6037\\\" \\\/>Requiere buenos datos, \\u00e1ngulos s\\u00f3lidos y una historia que los periodistas realmente quieran contar.<br data-start=\\\"6136\\\" data-end=\\\"6139\\\" \\\/>Para eso estamos: para crear campa\\u00f1as dise\\u00f1adas para aparecer en los medios m\\u00e1s relevantes y cre\\u00edbles de tu sector en Espa\\u00f1a.<\\\/p>\"}}]}<\/script>\n\t\t\t\t\t<\/div>\n\t\t\t\t\t\t<\/div>\n\t\t\t\t<\/div>\n\t\t\t\t\t<\/div>\n\t\t\t\t<\/div>\n\t\t<div class=\"elementor-element elementor-element-e00bcce e-flex e-con-boxed e-con e-parent\" data-id=\"e00bcce\" data-element_type=\"container\">\n\t\t\t\t\t<div class=\"e-con-inner\">\n\t\t\t\t<div class=\"elementor-element elementor-element-46dee64 elementor-widget elementor-widget-image\" data-id=\"46dee64\" data-element_type=\"widget\" data-widget_type=\"image.default\">\n\t\t\t\t<div class=\"elementor-widget-container\">\n\t\t\t\t\t\t\t\t\t\t\t\t\t\t\t\t<a href=\"https:\/\/www.designrush.com\/agency\/search-engine-optimization\/new-york\/new-york-city\">\n\t\t\t\t\t\t\t<img fetchpriority=\"high\" decoding=\"async\" width=\"217\" height=\"290\" src=\"https:\/\/digitalpr.eu\/wp-content\/uploads\/2024\/12\/Verfifed-Agency-Hexagonal-v2.png\" class=\"attachment-medium size-medium wp-image-350\" alt=\"Public Relations Agency\" srcset=\"https:\/\/digitalpr.eu\/wp-content\/uploads\/2024\/12\/Verfifed-Agency-Hexagonal-v2.png 217w, https:\/\/digitalpr.eu\/wp-content\/uploads\/2024\/12\/Verfifed-Agency-Hexagonal-v2-9x12.png 9w\" sizes=\"(max-width: 217px) 100vw, 217px\" \/>\t\t\t\t\t\t\t\t<\/a>\n\t\t\t\t\t\t\t\t\t\t\t\t\t\t\t<\/div>\n\t\t\t\t<\/div>\n\t\t\t\t\t<\/div>\n\t\t\t\t<\/div>\n\t\t<div class=\"elementor-element elementor-element-e245e4c cta-1 e-flex e-con-boxed e-con e-parent\" data-id=\"e245e4c\" data-element_type=\"container\">\n\t\t\t\t\t<div class=\"e-con-inner\">\n\t\t<div class=\"elementor-element elementor-element-cacf411 e-flex e-con-boxed e-con e-child\" data-id=\"cacf411\" data-element_type=\"container\">\n\t\t\t\t\t<div class=\"e-con-inner\">\n\t\t\t\t<div class=\"elementor-element elementor-element-510b862 elementor-widget elementor-widget-heading\" data-id=\"510b862\" data-element_type=\"widget\" data-widget_type=\"heading.default\">\n\t\t\t\t<div class=\"elementor-widget-container\">\n\t\t\t\t\t<h2 class=\"elementor-heading-title elementor-size-default\">BARCELONA, LONDRES, BERLIN, BUDAPEST, TALLINN <\/h2>\t\t\t\t<\/div>\n\t\t\t\t<\/div>\n\t\t\t\t<div class=\"elementor-element elementor-element-d589892 elementor-widget elementor-widget-text-editor\" data-id=\"d589892\" data-element_type=\"widget\" data-widget_type=\"text-editor.default\">\n\t\t\t\t<div class=\"elementor-widget-container\">\n\t\t\t\t\t\t\t\t\t<p>Somos una agencia de digital PR que opera con oficinas en Barcelona y que opera en toda Europa: Espa\u00f1a, Alemania, Austria, Suiza, Hungr\u00eda, Estonia, Reino Unido y Francia.<br data-start=\"3437\" data-end=\"3440\" \/>\u00bfQuieres visibilidad en alguno de estos mercados? Lo hacemos realidad.<\/p>\t\t\t\t\t\t\t\t<\/div>\n\t\t\t\t<\/div>\n\t\t\t\t\t<\/div>\n\t\t\t\t<\/div>\n\t\t<div class=\"elementor-element elementor-element-f2102d8 e-flex e-con-boxed e-con e-child\" data-id=\"f2102d8\" data-element_type=\"container\">\n\t\t\t\t\t<div class=\"e-con-inner\">\n\t\t\t\t<div class=\"elementor-element elementor-element-f825d6e elementor-align-center elementor-widget elementor-widget-button\" data-id=\"f825d6e\" data-element_type=\"widget\" data-widget_type=\"button.default\">\n\t\t\t\t<div class=\"elementor-widget-container\">\n\t\t\t\t\t\t\t\t\t<div class=\"elementor-button-wrapper\">\n\t\t\t\t\t<a class=\"elementor-button elementor-button-link elementor-size-sm\" href=\"https:\/\/digitalpr.eu\/en\/kontakt\/\">\n\t\t\t\t\t\t<span class=\"elementor-button-content-wrapper\">\n\t\t\t\t\t\t\t\t\t<span class=\"elementor-button-text\">\u00a1Hablemos!<\/span>\n\t\t\t\t\t<\/span>\n\t\t\t\t\t<\/a>\n\t\t\t\t<\/div>\n\t\t\t\t\t\t\t\t<\/div>\n\t\t\t\t<\/div>\n\t\t\t\t\t<\/div>\n\t\t\t\t<\/div>\n\t\t\t\t\t<\/div>\n\t\t\t\t<\/div>\n\t\t<div class=\"elementor-element elementor-element-c8e1ec7 e-flex e-con-boxed e-con e-parent\" data-id=\"c8e1ec7\" data-element_type=\"container\" id=\"uber-uns\">\n\t\t\t\t\t<div class=\"e-con-inner\">\n\t\t<div class=\"elementor-element elementor-element-a2c0b32 e-flex e-con-boxed e-con e-child\" data-id=\"a2c0b32\" data-element_type=\"container\">\n\t\t\t\t\t<div class=\"e-con-inner\">\n\t\t\t\t<div class=\"elementor-element elementor-element-2bcbe3c elementor-widget elementor-widget-heading\" data-id=\"2bcbe3c\" data-element_type=\"widget\" data-widget_type=\"heading.default\">\n\t\t\t\t<div class=\"elementor-widget-container\">\n\t\t\t\t\t<h2 class=\"elementor-heading-title elementor-size-default\">DIGITAL PR FOUNDERS<\/h2>\t\t\t\t<\/div>\n\t\t\t\t<\/div>\n\t\t\t\t\t<\/div>\n\t\t\t\t<\/div>\n\t\t<div class=\"elementor-element elementor-element-5c61c99 e-flex e-con-boxed e-con e-child\" data-id=\"5c61c99\" data-element_type=\"container\">\n\t\t\t\t\t<div class=\"e-con-inner\">\n\t\t<div class=\"elementor-element elementor-element-2a3ec2f e-flex e-con-boxed e-con e-child\" data-id=\"2a3ec2f\" data-element_type=\"container\">\n\t\t\t\t\t<div class=\"e-con-inner\">\n\t\t\t\t<div class=\"elementor-element elementor-element-eb650a1 elementor-widget elementor-widget-image\" data-id=\"eb650a1\" data-element_type=\"widget\" data-widget_type=\"image.default\">\n\t\t\t\t<div class=\"elementor-widget-container\">\n\t\t\t\t\t\t\t\t\t\t\t\t\t\t\t<img decoding=\"async\" width=\"300\" height=\"191\" src=\"https:\/\/digitalpr.eu\/wp-content\/uploads\/2024\/03\/fruzsina-lederer-1-300x191.webp\" class=\"attachment-medium size-medium wp-image-236\" alt=\"Fruzsina Lederer\" srcset=\"https:\/\/digitalpr.eu\/wp-content\/uploads\/2024\/03\/fruzsina-lederer-1-300x191.webp 300w, https:\/\/digitalpr.eu\/wp-content\/uploads\/2024\/03\/fruzsina-lederer-1.webp 575w\" sizes=\"(max-width: 300px) 100vw, 300px\" \/>\t\t\t\t\t\t\t\t\t\t\t\t\t\t\t<\/div>\n\t\t\t\t<\/div>\n\t\t<div class=\"elementor-element elementor-element-43dc04f e-con-full e-flex e-con e-child\" data-id=\"43dc04f\" data-element_type=\"container\">\n\t\t\t\t<div class=\"elementor-element elementor-element-7be31cf elementor-widget elementor-widget-heading\" data-id=\"7be31cf\" data-element_type=\"widget\" data-widget_type=\"heading.default\">\n\t\t\t\t<div class=\"elementor-widget-container\">\n\t\t\t\t\t<h3 class=\"elementor-heading-title elementor-size-default\">Fruzsi Lederer<\/h3>\t\t\t\t<\/div>\n\t\t\t\t<\/div>\n\t\t\t\t<div class=\"elementor-element elementor-element-aaa84cc elementor-view-framed elementor-shape-circle elementor-widget elementor-widget-icon\" data-id=\"aaa84cc\" data-element_type=\"widget\" data-widget_type=\"icon.default\">\n\t\t\t\t<div class=\"elementor-widget-container\">\n\t\t\t\t\t\t\t<div class=\"elementor-icon-wrapper\">\n\t\t\t<a class=\"elementor-icon\" href=\"https:\/\/www.linkedin.com\/in\/fruzsina-l%C3%A9derer-0bb76815b\/\" target=\"_blank\">\n\t\t\t<svg aria-hidden=\"true\" class=\"e-font-icon-svg e-fab-linkedin-in\" viewbox=\"0 0 448 512\" xmlns=\"http:\/\/www.w3.org\/2000\/svg\"><path d=\"M100.28 448H7.4V148.9h92.88zM53.79 108.1C24.09 108.1 0 83.5 0 53.8a53.79 53.79 0 0 1 107.58 0c0 29.7-24.1 54.3-53.79 54.3zM447.9 448h-92.68V302.4c0-34.7-.7-79.2-48.29-79.2-48.29 0-55.69 37.7-55.69 76.7V448h-92.78V148.9h89.08v40.8h1.3c12.4-23.5 42.69-48.3 87.88-48.3 94 0 111.28 61.9 111.28 142.3V448z\"><\/path><\/svg>\t\t\t<\/a>\n\t\t<\/div>\n\t\t\t\t\t\t<\/div>\n\t\t\t\t<\/div>\n\t\t\t\t<\/div>\n\t\t\t\t<div class=\"elementor-element elementor-element-9e331ac elementor-widget elementor-widget-text-editor\" data-id=\"9e331ac\" data-element_type=\"widget\" data-widget_type=\"text-editor.default\">\n\t\t\t\t<div class=\"elementor-widget-container\">\n\t\t\t\t\t\t\t\t\t<p>Co-fundadora de Digital PR. Especialista en branding y comunicaci\u00f3n internacional con experiencia en lifestyle, blockchain, bebidas, alimentaci\u00f3n, tecnolog\u00eda y m\u00fasica. \ud83d\ude80<\/p>\t\t\t\t\t\t\t\t<\/div>\n\t\t\t\t<\/div>\n\t\t\t\t\t<\/div>\n\t\t\t\t<\/div>\n\t\t<div class=\"elementor-element elementor-element-7f49c3c e-flex e-con-boxed e-con e-child\" data-id=\"7f49c3c\" data-element_type=\"container\">\n\t\t\t\t\t<div class=\"e-con-inner\">\n\t\t\t\t<div class=\"elementor-element elementor-element-21d0570 elementor-widget elementor-widget-image\" data-id=\"21d0570\" data-element_type=\"widget\" data-widget_type=\"image.default\">\n\t\t\t\t<div class=\"elementor-widget-container\">\n\t\t\t\t\t\t\t\t\t\t\t\t\t\t\t<img decoding=\"async\" width=\"300\" height=\"190\" src=\"https:\/\/digitalpr.eu\/wp-content\/uploads\/2025\/08\/Steffen-Founder-Digital-PR-Agency.png\" class=\"attachment-medium size-medium wp-image-591\" alt=\"\" srcset=\"https:\/\/digitalpr.eu\/wp-content\/uploads\/2025\/08\/Steffen-Founder-Digital-PR-Agency.png 300w, https:\/\/digitalpr.eu\/wp-content\/uploads\/2025\/08\/Steffen-Founder-Digital-PR-Agency-18x12.png 18w\" sizes=\"(max-width: 300px) 100vw, 300px\" \/>\t\t\t\t\t\t\t\t\t\t\t\t\t\t\t<\/div>\n\t\t\t\t<\/div>\n\t\t<div class=\"elementor-element elementor-element-5b363b4 e-flex e-con-boxed e-con e-child\" data-id=\"5b363b4\" data-element_type=\"container\">\n\t\t\t\t\t<div class=\"e-con-inner\">\n\t\t\t\t<div class=\"elementor-element elementor-element-bea141c elementor-widget elementor-widget-heading\" data-id=\"bea141c\" data-element_type=\"widget\" data-widget_type=\"heading.default\">\n\t\t\t\t<div class=\"elementor-widget-container\">\n\t\t\t\t\t<h3 class=\"elementor-heading-title elementor-size-default\">Steffen Hafenmayer<\/h3>\t\t\t\t<\/div>\n\t\t\t\t<\/div>\n\t\t\t\t<div class=\"elementor-element elementor-element-a6b3a4b elementor-view-framed elementor-shape-circle elementor-widget elementor-widget-icon\" data-id=\"a6b3a4b\" data-element_type=\"widget\" data-widget_type=\"icon.default\">\n\t\t\t\t<div class=\"elementor-widget-container\">\n\t\t\t\t\t\t\t<div class=\"elementor-icon-wrapper\">\n\t\t\t<a class=\"elementor-icon\" href=\"https:\/\/www.linkedin.com\/in\/steffen-hafenmayer\/\" target=\"_blank\">\n\t\t\t<svg aria-hidden=\"true\" class=\"e-font-icon-svg e-fab-linkedin-in\" viewbox=\"0 0 448 512\" xmlns=\"http:\/\/www.w3.org\/2000\/svg\"><path d=\"M100.28 448H7.4V148.9h92.88zM53.79 108.1C24.09 108.1 0 83.5 0 53.8a53.79 53.79 0 0 1 107.58 0c0 29.7-24.1 54.3-53.79 54.3zM447.9 448h-92.68V302.4c0-34.7-.7-79.2-48.29-79.2-48.29 0-55.69 37.7-55.69 76.7V448h-92.78V148.9h89.08v40.8h1.3c12.4-23.5 42.69-48.3 87.88-48.3 94 0 111.28 61.9 111.28 142.3V448z\"><\/path><\/svg>\t\t\t<\/a>\n\t\t<\/div>\n\t\t\t\t\t\t<\/div>\n\t\t\t\t<\/div>\n\t\t\t\t\t<\/div>\n\t\t\t\t<\/div>\n\t\t\t\t<div class=\"elementor-element elementor-element-4dbd99a elementor-widget elementor-widget-text-editor\" data-id=\"4dbd99a\" data-element_type=\"widget\" data-widget_type=\"text-editor.default\">\n\t\t\t\t<div class=\"elementor-widget-container\">\n\t\t\t\t\t\t\t\t\t<p>Fundador de Digital PR. Ha trabajado con agencias galardonadas y desarrollado campa\u00f1as que han alcanzado a millones de personas en todo el mundo. \ud83c\udf0d<\/p>\t\t\t\t\t\t\t\t<\/div>\n\t\t\t\t<\/div>\n\t\t\t\t\t<\/div>\n\t\t\t\t<\/div>\n\t\t\t\t\t<\/div>\n\t\t\t\t<\/div>\n\t\t\t\t\t<\/div>\n\t\t\t\t<\/div>\n\t\t<div class=\"elementor-element elementor-element-2ae1b74 e-flex e-con-boxed e-con e-parent\" data-id=\"2ae1b74\" data-element_type=\"container\" id=\"leistungen\">\n\t\t\t\t\t<div class=\"e-con-inner\">\n\t\t<div class=\"elementor-element elementor-element-d0f631d e-flex e-con-boxed e-con e-child\" data-id=\"d0f631d\" data-element_type=\"container\">\n\t\t\t\t\t<div class=\"e-con-inner\">\n\t\t\t\t<div class=\"elementor-element elementor-element-b818d83 elementor-widget elementor-widget-heading\" data-id=\"b818d83\" data-element_type=\"widget\" data-widget_type=\"heading.default\">\n\t\t\t\t<div class=\"elementor-widget-container\">\n\t\t\t\t\t<h2 class=\"elementor-heading-title elementor-size-default\">RELACIONES P\u00daBLICAS BASADAS EN DATOS<\/h2>\t\t\t\t<\/div>\n\t\t\t\t<\/div>\n\t\t\t\t\t<\/div>\n\t\t\t\t<\/div>\n\t\t<div class=\"elementor-element elementor-element-d8ab249 e-flex e-con-boxed e-con e-child\" data-id=\"d8ab249\" data-element_type=\"container\">\n\t\t\t\t\t<div class=\"e-con-inner\">\n\t\t<div class=\"elementor-element elementor-element-ba63860 e-flex e-con-boxed e-con e-child\" data-id=\"ba63860\" data-element_type=\"container\">\n\t\t\t\t\t<div class=\"e-con-inner\">\n\t\t\t\t<div class=\"elementor-element elementor-element-7da3499 elementor-widget elementor-widget-heading\" data-id=\"7da3499\" data-element_type=\"widget\" data-widget_type=\"heading.default\">\n\t\t\t\t<div class=\"elementor-widget-container\">\n\t\t\t\t\t<h3 class=\"elementor-heading-title elementor-size-default\">DIGITAL PR HECHO PARA HOY<\/h3>\t\t\t\t<\/div>\n\t\t\t\t<\/div>\n\t\t\t\t<div class=\"elementor-element elementor-element-e8d0d1f elementor-widget elementor-widget-text-editor\" data-id=\"e8d0d1f\" data-element_type=\"widget\" data-widget_type=\"text-editor.default\">\n\t\t\t\t<div class=\"elementor-widget-container\">\n\t\t\t\t\t\t\t\t\t<p data-start=\"4037\" data-end=\"4165\">El PR no ha muerto \u2014 simplemente ha evolucionado.<br data-start=\"4086\" data-end=\"4089\" \/>Y en un mundo donde la atenci\u00f3n est\u00e1 online, una nota de prensa ya no basta.<\/p>\n<p data-start=\"4167\" data-end=\"4398\">Creamos digital PR contempor\u00e1neo: historias relevantes, \u00e1ngulos s\u00f3lidos y contenido que la gente realmente quiere leer, compartir y comentar.<br data-start=\"4308\" data-end=\"4311\" \/>Sin ruido. Sin relleno.<br data-start=\"4334\" data-end=\"4337\" \/>Solo visibilidad real en los canales donde est\u00e1 tu audiencia.<\/p>\t\t\t\t\t\t\t\t<\/div>\n\t\t\t\t<\/div>\n\t\t\t\t\t<\/div>\n\t\t\t\t<\/div>\n\t\t<div class=\"elementor-element elementor-element-8aa5712 e-flex e-con-boxed e-con e-child\" data-id=\"8aa5712\" data-element_type=\"container\">\n\t\t\t\t\t<div class=\"e-con-inner\">\n\t\t\t\t<div class=\"elementor-element elementor-element-2d06a1f elementor-widget elementor-widget-image\" data-id=\"2d06a1f\" data-element_type=\"widget\" data-widget_type=\"image.default\">\n\t\t\t\t<div class=\"elementor-widget-container\">\n\t\t\t\t\t\t\t\t\t\t\t\t\t\t\t<img loading=\"lazy\" decoding=\"async\" width=\"560\" height=\"370\" src=\"https:\/\/digitalpr.eu\/wp-content\/uploads\/2025\/09\/digitalpr_muted_3_560x370.png\" class=\"attachment-large size-large wp-image-622\" alt=\"Digital PR agency for Europe\" srcset=\"https:\/\/digitalpr.eu\/wp-content\/uploads\/2025\/09\/digitalpr_muted_3_560x370.png 560w, https:\/\/digitalpr.eu\/wp-content\/uploads\/2025\/09\/digitalpr_muted_3_560x370-300x198.png 300w, https:\/\/digitalpr.eu\/wp-content\/uploads\/2025\/09\/digitalpr_muted_3_560x370-18x12.png 18w\" sizes=\"(max-width: 560px) 100vw, 560px\" \/>\t\t\t\t\t\t\t\t\t\t\t\t\t\t\t<\/div>\n\t\t\t\t<\/div>\n\t\t\t\t\t<\/div>\n\t\t\t\t<\/div>\n\t\t\t\t\t<\/div>\n\t\t\t\t<\/div>\n\t\t<div class=\"elementor-element elementor-element-b7b87f3 e-flex e-con-boxed e-con e-child\" data-id=\"b7b87f3\" data-element_type=\"container\">\n\t\t\t\t\t<div class=\"e-con-inner\">\n\t\t<div class=\"elementor-element elementor-element-97a3ca3 e-flex e-con-boxed e-con e-child\" data-id=\"97a3ca3\" data-element_type=\"container\">\n\t\t\t\t\t<div class=\"e-con-inner\">\n\t\t\t\t<div class=\"elementor-element elementor-element-871f9e8 elementor-widget elementor-widget-image\" data-id=\"871f9e8\" data-element_type=\"widget\" data-widget_type=\"image.default\">\n\t\t\t\t<div class=\"elementor-widget-container\">\n\t\t\t\t\t\t\t\t\t\t\t\t\t\t\t<img loading=\"lazy\" decoding=\"async\" width=\"560\" height=\"370\" src=\"https:\/\/digitalpr.eu\/wp-content\/uploads\/2025\/09\/digitalpr_muted_1_560x370.png\" class=\"attachment-large size-large wp-image-624\" alt=\"\" srcset=\"https:\/\/digitalpr.eu\/wp-content\/uploads\/2025\/09\/digitalpr_muted_1_560x370.png 560w, https:\/\/digitalpr.eu\/wp-content\/uploads\/2025\/09\/digitalpr_muted_1_560x370-300x198.png 300w, https:\/\/digitalpr.eu\/wp-content\/uploads\/2025\/09\/digitalpr_muted_1_560x370-18x12.png 18w\" sizes=\"(max-width: 560px) 100vw, 560px\" \/>\t\t\t\t\t\t\t\t\t\t\t\t\t\t\t<\/div>\n\t\t\t\t<\/div>\n\t\t\t\t\t<\/div>\n\t\t\t\t<\/div>\n\t\t<div class=\"elementor-element elementor-element-75adfd9 e-flex e-con-boxed e-con e-child\" data-id=\"75adfd9\" data-element_type=\"container\">\n\t\t\t\t\t<div class=\"e-con-inner\">\n\t\t\t\t<div class=\"elementor-element elementor-element-dc38c03 elementor-widget elementor-widget-heading\" data-id=\"dc38c03\" data-element_type=\"widget\" data-widget_type=\"heading.default\">\n\t\t\t\t<div class=\"elementor-widget-container\">\n\t\t\t\t\t<h3 class=\"elementor-heading-title elementor-size-default\">EL DIGITAL PR EMPIEZA AQU\u00cd<\/h3>\t\t\t\t<\/div>\n\t\t\t\t<\/div>\n\t\t\t\t<div class=\"elementor-element elementor-element-54c57ff elementor-widget elementor-widget-text-editor\" data-id=\"54c57ff\" data-element_type=\"widget\" data-widget_type=\"text-editor.default\">\n\t\t\t\t<div class=\"elementor-widget-container\">\n\t\t\t\t\t\t\t\t\t<p data-start=\"4487\" data-end=\"4646\">El digital PR funciona mejor cuando PR y SEO trabajan juntos.<br data-start=\"4548\" data-end=\"4551\" \/>Y si casi nadie pasa a la p\u00e1gina 2 de Google\u2026 tu marca debe aparecer arriba \u2014 y mantenerse ah\u00ed.<\/p>\n<p data-start=\"4648\" data-end=\"4846\">Unimos storytelling estrat\u00e9gico y SEO inteligente para crear campa\u00f1as que generan conversaci\u00f3n, cobertura y posicionamiento.<br data-start=\"4772\" data-end=\"4775\" \/>Historias basadas en datos, ideas creativas y PR que capta la atenci\u00f3n.<\/p>\n<p data-start=\"4848\" data-end=\"5034\">Esto no es publicidad.<br data-start=\"4870\" data-end=\"4873\" \/>Es impacto real: visibilidad, autoridad y crecimiento org\u00e1nico.<br data-start=\"4936\" data-end=\"4939\" \/>Y como vivimos en el mundo digital, sabemos exactamente c\u00f3mo posicionar tu marca donde importa.<\/p>\t\t\t\t\t\t\t\t<\/div>\n\t\t\t\t<\/div>\n\t\t\t\t\t<\/div>\n\t\t\t\t<\/div>\n\t\t\t\t\t<\/div>\n\t\t\t\t<\/div>\n\t\t<div class=\"elementor-element elementor-element-677c995 e-flex e-con-boxed e-con e-child\" data-id=\"677c995\" data-element_type=\"container\">\n\t\t\t\t\t<div class=\"e-con-inner\">\n\t\t<div class=\"elementor-element elementor-element-5a5ec58 e-flex e-con-boxed e-con e-child\" data-id=\"5a5ec58\" data-element_type=\"container\">\n\t\t\t\t\t<div class=\"e-con-inner\">\n\t\t\t\t<div class=\"elementor-element elementor-element-2f1b358 elementor-widget elementor-widget-heading\" data-id=\"2f1b358\" data-element_type=\"widget\" data-widget_type=\"heading.default\">\n\t\t\t\t<div class=\"elementor-widget-container\">\n\t\t\t\t\t<h3 class=\"elementor-heading-title elementor-size-default\">M\u00c1S QUE PRENSA. M\u00c1S QUE MARKETING.<\/h3>\t\t\t\t<\/div>\n\t\t\t\t<\/div>\n\t\t\t\t<div class=\"elementor-element elementor-element-a96b8bb elementor-widget elementor-widget-text-editor\" data-id=\"a96b8bb\" data-element_type=\"widget\" data-widget_type=\"text-editor.default\">\n\t\t\t\t<div class=\"elementor-widget-container\">\n\t\t\t\t\t\t\t\t\t<p data-start=\"5088\" data-end=\"5260\">El digital PR es el arte de ser inolvidable.<br data-start=\"5132\" data-end=\"5135\" \/>Es donde las historias toman forma, los datos cuentan algo nuevo<br data-start=\"5199\" data-end=\"5202\" \/>y una idea puede superar a cualquier campa\u00f1a publicitaria.<\/p>\n<p data-start=\"5262\" data-end=\"5417\">Creamos trabajo que se mueve:<br data-start=\"5291\" data-end=\"5294\" \/>historias que abren conversaciones,<br data-start=\"5329\" data-end=\"5332\" \/>\u00e1ngulos que cambian la percepci\u00f3n,<br data-start=\"5366\" data-end=\"5369\" \/>campa\u00f1as que hacen que las marcas respiren vida.<\/p>\n<p data-start=\"5419\" data-end=\"5550\">No es PR tradicional.<br data-start=\"5440\" data-end=\"5443\" \/>No es marketing digital.<br data-start=\"5467\" data-end=\"5470\" \/>Es la chispa entre ambos \u2014<br data-start=\"5496\" data-end=\"5499\" \/>y justo ah\u00ed es donde hacemos que tu marca destaque.<\/p>\t\t\t\t\t\t\t\t<\/div>\n\t\t\t\t<\/div>\n\t\t\t\t\t<\/div>\n\t\t\t\t<\/div>\n\t\t<div class=\"elementor-element elementor-element-2b3b02f e-flex e-con-boxed e-con e-child\" data-id=\"2b3b02f\" data-element_type=\"container\">\n\t\t\t\t\t<div class=\"e-con-inner\">\n\t\t\t\t<div class=\"elementor-element elementor-element-b44eb3f elementor-widget elementor-widget-image\" data-id=\"b44eb3f\" data-element_type=\"widget\" data-widget_type=\"image.default\">\n\t\t\t\t<div class=\"elementor-widget-container\">\n\t\t\t\t\t\t\t\t\t\t\t\t\t\t\t<img loading=\"lazy\" decoding=\"async\" width=\"560\" height=\"370\" src=\"https:\/\/digitalpr.eu\/wp-content\/uploads\/2025\/09\/digitalpr_muted_2_560x370.png\" class=\"attachment-large size-large wp-image-623\" alt=\"\" srcset=\"https:\/\/digitalpr.eu\/wp-content\/uploads\/2025\/09\/digitalpr_muted_2_560x370.png 560w, https:\/\/digitalpr.eu\/wp-content\/uploads\/2025\/09\/digitalpr_muted_2_560x370-300x198.png 300w, https:\/\/digitalpr.eu\/wp-content\/uploads\/2025\/09\/digitalpr_muted_2_560x370-18x12.png 18w\" sizes=\"(max-width: 560px) 100vw, 560px\" \/>\t\t\t\t\t\t\t\t\t\t\t\t\t\t\t<\/div>\n\t\t\t\t<\/div>\n\t\t\t\t\t<\/div>\n\t\t\t\t<\/div>\n\t\t\t\t\t<\/div>\n\t\t\t\t<\/div>\n\t\t\t\t\t<\/div>\n\t\t\t\t<\/div>\n\t\t<div class=\"elementor-element elementor-element-a5ae0b1 cta-2 e-flex e-con-boxed e-con e-parent\" data-id=\"a5ae0b1\" data-element_type=\"container\">\n\t\t\t\t\t<div class=\"e-con-inner\">\n\t\t<div class=\"elementor-element elementor-element-63da504 e-flex e-con-boxed e-con e-child\" data-id=\"63da504\" data-element_type=\"container\">\n\t\t\t\t\t<div class=\"e-con-inner\">\n\t\t\t\t<div class=\"elementor-element elementor-element-905f9ea elementor-widget elementor-widget-heading\" data-id=\"905f9ea\" data-element_type=\"widget\" data-widget_type=\"heading.default\">\n\t\t\t\t<div class=\"elementor-widget-container\">\n\t\t\t\t\t<h2 class=\"elementor-heading-title elementor-size-default\">DIGITAL PR EN ACCI\u00d3N<\/h2>\t\t\t\t<\/div>\n\t\t\t\t<\/div>\n\t\t\t\t<div class=\"elementor-element elementor-element-c0d5275 elementor-widget elementor-widget-video\" data-id=\"c0d5275\" data-element_type=\"widget\" data-settings=\"{&quot;video_type&quot;:&quot;hosted&quot;,&quot;controls&quot;:&quot;yes&quot;}\" data-widget_type=\"video.default\">\n\t\t\t\t<div class=\"elementor-widget-container\">\n\t\t\t\t\t\t\t<div class=\"e-hosted-video elementor-wrapper elementor-open-inline\">\n\t\t\t\t\t<video class=\"elementor-video\" src=\"https:\/\/digitalpr.eu\/wp-content\/uploads\/2025\/07\/Bitget_digitalPR.mp4\" controls=\"\" preload=\"metadata\" controlslist=\"nodownload\"><\/video>\n\t\t\t\t<\/div>\n\t\t\t\t\t\t<\/div>\n\t\t\t\t<\/div>\n\t\t\t\t<div class=\"elementor-element elementor-element-f99e381 elementor-widget elementor-widget-text-editor\" data-id=\"f99e381\" data-element_type=\"widget\" data-widget_type=\"text-editor.default\">\n\t\t\t\t<div class=\"elementor-widget-container\">\n\t\t\t\t\t\t\t\t\t<p>Hacemos digital PR que conecta \u2014 online y en directo.<br data-start=\"5643\" data-end=\"5646\" \/>Ejemplo: <em data-start=\"5655\" data-end=\"5681\">BITGET Crypto Elites Day<\/em> en Budapest 2025, donde dise\u00f1amos y ejecutamos todo el evento como agencia oficial de la mayor plataforma de trading de Europa.<\/p>\t\t\t\t\t\t\t\t<\/div>\n\t\t\t\t<\/div>\n\t\t\t\t\t<\/div>\n\t\t\t\t<\/div>\n\t\t<div class=\"elementor-element elementor-element-e09ea51 e-flex e-con-boxed e-con e-child\" data-id=\"e09ea51\" data-element_type=\"container\">\n\t\t\t\t\t<div class=\"e-con-inner\">\n\t\t\t\t<div class=\"elementor-element elementor-element-7aa892c elementor-align-center elementor-widget elementor-widget-button\" data-id=\"7aa892c\" data-element_type=\"widget\" data-widget_type=\"button.default\">\n\t\t\t\t<div class=\"elementor-widget-container\">\n\t\t\t\t\t\t\t\t\t<div class=\"elementor-button-wrapper\">\n\t\t\t\t\t<a class=\"elementor-button elementor-button-link elementor-size-sm\" href=\"https:\/\/digitalpr.eu\/en\/kontakt\/\">\n\t\t\t\t\t\t<span class=\"elementor-button-content-wrapper\">\n\t\t\t\t\t\t\t\t\t<span class=\"elementor-button-text\">\u00a1Ponter en contacto!<\/span>\n\t\t\t\t\t<\/span>\n\t\t\t\t\t<\/a>\n\t\t\t\t<\/div>\n\t\t\t\t\t\t\t\t<\/div>\n\t\t\t\t<\/div>\n\t\t\t\t\t<\/div>\n\t\t\t\t<\/div>\n\t\t\t\t\t<\/div>\n\t\t\t\t<\/div>\n\t\t<div class=\"elementor-element elementor-element-3f0cf43 e-flex e-con-boxed e-con e-parent\" data-id=\"3f0cf43\" data-element_type=\"container\">\n\t\t\t\t\t<div class=\"e-con-inner\">\n\t\t\t\t\t<\/div>\n\t\t\t\t<\/div>\n\t\t<div class=\"elementor-element elementor-element-a37267b e-flex e-con-boxed e-con e-parent\" data-id=\"a37267b\" data-element_type=\"container\">\n\t\t\t\t\t<div class=\"e-con-inner\">\n\t\t\t\t<div class=\"elementor-element elementor-element-36682a2 elementor-widget elementor-widget-heading\" data-id=\"36682a2\" data-element_type=\"widget\" data-widget_type=\"heading.default\">\n\t\t\t\t<div class=\"elementor-widget-container\">\n\t\t\t\t\t<h2 class=\"elementor-heading-title elementor-size-default\">NUESTROS CLIENTES SE DESTACAN EN<\/h2>\t\t\t\t<\/div>\n\t\t\t\t<\/div>\n\t\t\t\t<div class=\"elementor-element elementor-element-4862dd3 elementor-widget elementor-widget-spacer\" data-id=\"4862dd3\" data-element_type=\"widget\" data-widget_type=\"spacer.default\">\n\t\t\t\t<div class=\"elementor-widget-container\">\n\t\t\t\t\t\t\t<div class=\"elementor-spacer\">\n\t\t\t<div class=\"elementor-spacer-inner\"><\/div>\n\t\t<\/div>\n\t\t\t\t\t\t<\/div>\n\t\t\t\t<\/div>\n\t\t<div class=\"elementor-element elementor-element-a3f14e7 e-con-full e-flex e-con e-child\" data-id=\"a3f14e7\" data-element_type=\"container\">\n\t\t\t\t<div class=\"elementor-element elementor-element-f837738 elementor-widget elementor-widget-image\" data-id=\"f837738\" data-element_type=\"widget\" data-widget_type=\"image.default\">\n\t\t\t\t<div class=\"elementor-widget-container\">\n\t\t\t\t\t\t\t\t\t\t\t\t\t\t\t<img loading=\"lazy\" decoding=\"async\" width=\"800\" height=\"806\" src=\"https:\/\/digitalpr.eu\/wp-content\/uploads\/2025\/03\/partners-1016x1024.jpg\" class=\"attachment-large size-large wp-image-432\" alt=\"\" srcset=\"https:\/\/digitalpr.eu\/wp-content\/uploads\/2025\/03\/partners-1016x1024.jpg 1016w, https:\/\/digitalpr.eu\/wp-content\/uploads\/2025\/03\/partners-298x300.jpg 298w, https:\/\/digitalpr.eu\/wp-content\/uploads\/2025\/03\/partners-150x150.jpg 150w, https:\/\/digitalpr.eu\/wp-content\/uploads\/2025\/03\/partners-768x774.jpg 768w, https:\/\/digitalpr.eu\/wp-content\/uploads\/2025\/03\/partners-12x12.jpg 12w, https:\/\/digitalpr.eu\/wp-content\/uploads\/2025\/03\/partners.jpg 1146w\" sizes=\"(max-width: 800px) 100vw, 800px\" \/>\t\t\t\t\t\t\t\t\t\t\t\t\t\t\t<\/div>\n\t\t\t\t<\/div>\n\t\t\t\t<\/div>\n\t\t\t\t\t<\/div>\n\t\t\t\t<\/div>\n\t\t<div class=\"elementor-element elementor-element-5f74c75 elementor-hidden-desktop elementor-hidden-tablet elementor-hidden-mobile e-flex e-con-boxed e-con e-child\" data-id=\"5f74c75\" data-element_type=\"container\">\n\t\t\t\t\t<div class=\"e-con-inner\">\n\t\t\t\t<div class=\"elementor-element elementor-element-7236ece elementor-widget elementor-widget-image\" data-id=\"7236ece\" data-element_type=\"widget\" data-widget_type=\"image.default\">\n\t\t\t\t<div class=\"elementor-widget-container\">\n\t\t\t\t\t\t\t\t\t\t\t\t\t\t\t<img loading=\"lazy\" decoding=\"async\" width=\"800\" height=\"215\" src=\"https:\/\/digitalpr.eu\/wp-content\/uploads\/2024\/03\/Forbes_logo.svg\" class=\"attachment-large size-large wp-image-72\" alt=\"Forbes logo\" \/>\t\t\t\t\t\t\t\t\t\t\t\t\t\t\t<\/div>\n\t\t\t\t<\/div>\n\t\t\t\t<div class=\"elementor-element elementor-element-77cadab elementor-widget-mobile__width-auto elementor-widget elementor-widget-image\" data-id=\"77cadab\" data-element_type=\"widget\" data-widget_type=\"image.default\">\n\t\t\t\t<div class=\"elementor-widget-container\">\n\t\t\t\t\t\t\t\t\t\t\t\t\t\t\t<img loading=\"lazy\" decoding=\"async\" width=\"800\" height=\"800\" src=\"https:\/\/digitalpr.eu\/wp-content\/uploads\/2024\/03\/bild-de-logo-vector.svg\" class=\"attachment-large size-large wp-image-68\" alt=\"Bild\" \/>\t\t\t\t\t\t\t\t\t\t\t\t\t\t\t<\/div>\n\t\t\t\t<\/div>\n\t\t\t\t<div class=\"elementor-element elementor-element-01bf480 elementor-widget elementor-widget-image\" data-id=\"01bf480\" data-element_type=\"widget\" data-widget_type=\"image.default\">\n\t\t\t\t<div class=\"elementor-widget-container\">\n\t\t\t\t\t\t\t\t\t\t\t\t\t\t\t<img loading=\"lazy\" decoding=\"async\" width=\"800\" height=\"230\" src=\"https:\/\/digitalpr.eu\/wp-content\/uploads\/2024\/03\/T-online.de_Logo_05.2022.svg\" class=\"attachment-large size-large wp-image-77\" alt=\"T-online de logo\" \/>\t\t\t\t\t\t\t\t\t\t\t\t\t\t\t<\/div>\n\t\t\t\t<\/div>\n\t\t\t\t<div class=\"elementor-element elementor-element-ec2cf53 elementor-widget-mobile__width-auto elementor-widget elementor-widget-image\" data-id=\"ec2cf53\" data-element_type=\"widget\" data-widget_type=\"image.default\">\n\t\t\t\t<div class=\"elementor-widget-container\">\n\t\t\t\t\t\t\t\t\t\t\t\t\t\t\t<img loading=\"lazy\" decoding=\"async\" width=\"800\" height=\"129\" src=\"https:\/\/digitalpr.eu\/wp-content\/uploads\/2024\/03\/Berliner_Zeitung.svg\" class=\"attachment-large size-large wp-image-67\" alt=\"Berliner Zeitung logo\" \/>\t\t\t\t\t\t\t\t\t\t\t\t\t\t\t<\/div>\n\t\t\t\t<\/div>\n\t\t\t\t<div class=\"elementor-element elementor-element-83c806d elementor-widget elementor-widget-image\" data-id=\"83c806d\" data-element_type=\"widget\" data-widget_type=\"image.default\">\n\t\t\t\t<div class=\"elementor-widget-container\">\n\t\t\t\t\t\t\t\t\t\t\t\t\t\t\t<img loading=\"lazy\" decoding=\"async\" width=\"800\" height=\"117\" src=\"https:\/\/digitalpr.eu\/wp-content\/uploads\/2024\/03\/Yahoo_news_logo.svg\" class=\"attachment-large size-large wp-image-80\" alt=\"Yahoo news logo\" \/>\t\t\t\t\t\t\t\t\t\t\t\t\t\t\t<\/div>\n\t\t\t\t<\/div>\n\t\t\t\t<div class=\"elementor-element elementor-element-98d39be elementor-widget elementor-widget-image\" data-id=\"98d39be\" data-element_type=\"widget\" data-widget_type=\"image.default\">\n\t\t\t\t<div class=\"elementor-widget-container\">\n\t\t\t\t\t\t\t\t\t\t\t\t\t\t\t<img loading=\"lazy\" decoding=\"async\" width=\"800\" height=\"191\" src=\"https:\/\/digitalpr.eu\/wp-content\/uploads\/2024\/03\/welt-de-vector-logo.svg\" class=\"attachment-large size-large wp-image-79\" alt=\"Welt logo\" \/>\t\t\t\t\t\t\t\t\t\t\t\t\t\t\t<\/div>\n\t\t\t\t<\/div>\n\t\t\t\t<div class=\"elementor-element elementor-element-ae95176 elementor-widget elementor-widget-image\" data-id=\"ae95176\" data-element_type=\"widget\" data-widget_type=\"image.default\">\n\t\t\t\t<div class=\"elementor-widget-container\">\n\t\t\t\t\t\t\t\t\t\t\t\t\t\t\t<img loading=\"lazy\" decoding=\"async\" width=\"800\" height=\"246\" src=\"https:\/\/digitalpr.eu\/wp-content\/uploads\/2024\/03\/Tag24_Logo_11.2022.svg\" class=\"attachment-large size-large wp-image-78\" alt=\"Tag24 logo\" \/>\t\t\t\t\t\t\t\t\t\t\t\t\t\t\t<\/div>\n\t\t\t\t<\/div>\n\t\t\t\t\t<\/div>\n\t\t\t\t<\/div>\n\t\t<div class=\"elementor-element elementor-element-ef930c8 e-flex e-con-boxed e-con e-parent\" data-id=\"ef930c8\" data-element_type=\"container\">\n\t\t\t\t\t<div class=\"e-con-inner\">\n\t\t\t\t<div class=\"elementor-element elementor-element-b2328d4 elementor-widget elementor-widget-spacer\" data-id=\"b2328d4\" data-element_type=\"widget\" data-widget_type=\"spacer.default\">\n\t\t\t\t<div class=\"elementor-widget-container\">\n\t\t\t\t\t\t\t<div class=\"elementor-spacer\">\n\t\t\t<div class=\"elementor-spacer-inner\"><\/div>\n\t\t<\/div>\n\t\t\t\t\t\t<\/div>\n\t\t\t\t<\/div>\n\t\t\t\t\t<\/div>\n\t\t\t\t<\/div>\n\t\t<div class=\"elementor-element elementor-element-d231139 e-flex e-con-boxed e-con e-parent\" data-id=\"d231139\" data-element_type=\"container\">\n\t\t\t\t\t<div class=\"e-con-inner\">\n\t\t\t\t\t<\/div>\n\t\t\t\t<\/div>\n\t\t\t\t<\/div>","protected":false},"excerpt":{"rendered":"<p>Agencia de Digital PR en Espa\u00f1a Noticias que importan. Resultados que se notan Hacemos que tu marca sea imposible de ignorar en Espa\u00f1a \u2014 con campa\u00f1as de digital PR creadas para generar visibilidad, credibilidad y posicionamiento. Y cuando quieras dar el salto internacional, te abrimos las puertas de Alemania, Austria y Suiza \u2014 m\u00e1s de [&hellip;]<\/p>","protected":false},"author":4,"featured_media":676,"parent":0,"menu_order":0,"comment_status":"closed","ping_status":"closed","template":"","meta":{"inline_featured_image":false,"_monsterinsights_skip_tracking":false,"_monsterinsights_sitenote_active":false,"_monsterinsights_sitenote_note":"","_monsterinsights_sitenote_category":0,"footnotes":""},"class_list":["post-731","page","type-page","status-publish","has-post-thumbnail","hentry"],"yoast_head":"<!-- This site is optimized with the Yoast SEO plugin v26.8 - https:\/\/yoast.com\/product\/yoast-seo-wordpress\/ -->\n<title>Agencia de Digital PR de Espa\u00f1a<\/title>\n<meta name=\"description\" content=\"Somos expertos en digital PR: creativos, narradores y estrategas orientados al crecimiento que saben c\u00f3mo posicionar tu marca en los medios m\u00e1s influyentes de Europa.\" \/>\n<meta name=\"robots\" content=\"index, follow, max-snippet:-1, max-image-preview:large, max-video-preview:-1\" \/>\n<link rel=\"canonical\" href=\"https:\/\/digitalpr.eu\/en\/es\/\" \/>\n<meta property=\"og:locale\" content=\"en_GB\" \/>\n<meta property=\"og:type\" content=\"article\" \/>\n<meta property=\"og:title\" content=\"Agencia de Digital PR de Espa\u00f1a\" \/>\n<meta property=\"og:description\" content=\"Somos expertos en digital PR: creativos, narradores y estrategas orientados al crecimiento que saben c\u00f3mo posicionar tu marca en los medios m\u00e1s influyentes de Europa.\" \/>\n<meta property=\"og:url\" content=\"https:\/\/digitalpr.eu\/en\/es\/\" \/>\n<meta property=\"og:site_name\" content=\"Digital PR Agentur | Medienbeziehungen &amp; PR-Strategie\" \/>\n<meta property=\"article:modified_time\" content=\"2025-12-09T16:46:53+00:00\" \/>\n<meta property=\"og:image\" content=\"https:\/\/digitalpr.eu\/wp-content\/uploads\/2025\/11\/digital.pr-logo-favicon-web-light.jpg\" \/>\n\t<meta property=\"og:image:width\" content=\"300\" \/>\n\t<meta property=\"og:image:height\" content=\"300\" \/>\n\t<meta property=\"og:image:type\" content=\"image\/jpeg\" \/>\n<meta name=\"twitter:card\" content=\"summary_large_image\" \/>\n<meta name=\"twitter:label1\" content=\"Estimated reading time\" \/>\n\t<meta name=\"twitter:data1\" content=\"12 minutes\" \/>\n<script type=\"application\/ld+json\" class=\"yoast-schema-graph\">{\"@context\":\"https:\/\/schema.org\",\"@graph\":[{\"@type\":\"WebPage\",\"@id\":\"https:\/\/digitalpr.eu\/es\/\",\"url\":\"https:\/\/digitalpr.eu\/es\/\",\"name\":\"Agencia de Digital PR de Espa\u00f1a\",\"isPartOf\":{\"@id\":\"https:\/\/digitalpr.eu\/#website\"},\"primaryImageOfPage\":{\"@id\":\"https:\/\/digitalpr.eu\/es\/#primaryimage\"},\"image\":{\"@id\":\"https:\/\/digitalpr.eu\/es\/#primaryimage\"},\"thumbnailUrl\":\"https:\/\/digitalpr.eu\/wp-content\/uploads\/2025\/11\/digital.pr-logo-favicon-web-light.jpg\",\"datePublished\":\"2025-11-27T15:53:55+00:00\",\"dateModified\":\"2025-12-09T16:46:53+00:00\",\"description\":\"Somos expertos en digital PR: creativos, narradores y estrategas orientados al crecimiento que saben c\u00f3mo posicionar tu marca en los medios m\u00e1s influyentes de Europa.\",\"breadcrumb\":{\"@id\":\"https:\/\/digitalpr.eu\/es\/#breadcrumb\"},\"inLanguage\":\"en-GB\",\"potentialAction\":[{\"@type\":\"ReadAction\",\"target\":[\"https:\/\/digitalpr.eu\/es\/\"]}]},{\"@type\":\"ImageObject\",\"inLanguage\":\"en-GB\",\"@id\":\"https:\/\/digitalpr.eu\/es\/#primaryimage\",\"url\":\"https:\/\/digitalpr.eu\/wp-content\/uploads\/2025\/11\/digital.pr-logo-favicon-web-light.jpg\",\"contentUrl\":\"https:\/\/digitalpr.eu\/wp-content\/uploads\/2025\/11\/digital.pr-logo-favicon-web-light.jpg\",\"width\":300,\"height\":300},{\"@type\":\"BreadcrumbList\",\"@id\":\"https:\/\/digitalpr.eu\/es\/#breadcrumb\",\"itemListElement\":[{\"@type\":\"ListItem\",\"position\":1,\"name\":\"Kezd\u0151lap\",\"item\":\"https:\/\/digitalpr.eu\/\"},{\"@type\":\"ListItem\",\"position\":2,\"name\":\"Agencia de Digital PR en Espa\u00f1a\u200b\"}]},{\"@type\":\"WebSite\",\"@id\":\"https:\/\/digitalpr.eu\/#website\",\"url\":\"https:\/\/digitalpr.eu\/\",\"name\":\"Digital PR\",\"description\":\"Professionelle Digital PR Agentur f\u00fcr nachhaltige Medienbeziehungen, strategische Pressearbeit und digitale Kommunikation. Ihre PR-Experten f\u00fcr messbare Erfolge.\",\"publisher\":{\"@id\":\"https:\/\/digitalpr.eu\/#organization\"},\"potentialAction\":[{\"@type\":\"SearchAction\",\"target\":{\"@type\":\"EntryPoint\",\"urlTemplate\":\"https:\/\/digitalpr.eu\/?s={search_term_string}\"},\"query-input\":{\"@type\":\"PropertyValueSpecification\",\"valueRequired\":true,\"valueName\":\"search_term_string\"}}],\"inLanguage\":\"en-GB\"},{\"@type\":\"Organization\",\"@id\":\"https:\/\/digitalpr.eu\/#organization\",\"name\":\"Digitalpr\",\"url\":\"https:\/\/digitalpr.eu\/\",\"logo\":{\"@type\":\"ImageObject\",\"inLanguage\":\"en-GB\",\"@id\":\"https:\/\/digitalpr.eu\/#\/schema\/logo\/image\/\",\"url\":\"https:\/\/digitalpr.eu\/wp-content\/uploads\/2024\/03\/digitalpr-logo-black.webp\",\"contentUrl\":\"https:\/\/digitalpr.eu\/wp-content\/uploads\/2024\/03\/digitalpr-logo-black.webp\",\"width\":1200,\"height\":1200,\"caption\":\"Digitalpr\"},\"image\":{\"@id\":\"https:\/\/digitalpr.eu\/#\/schema\/logo\/image\/\"},\"sameAs\":[\"https:\/\/www.linkedin.com\/company\/digitalpreu\/\"]}]}<\/script>\n<!-- \/ Yoast SEO plugin. -->","yoast_head_json":{"title":"Agencia de Digital PR de Espa\u00f1a","description":"Somos expertos en digital PR: creativos, narradores y estrategas orientados al crecimiento que saben c\u00f3mo posicionar tu marca en los medios m\u00e1s influyentes de Europa.","robots":{"index":"index","follow":"follow","max-snippet":"max-snippet:-1","max-image-preview":"max-image-preview:large","max-video-preview":"max-video-preview:-1"},"canonical":"https:\/\/digitalpr.eu\/en\/es\/","og_locale":"en_GB","og_type":"article","og_title":"Agencia de Digital PR de Espa\u00f1a","og_description":"Somos expertos en digital PR: creativos, narradores y estrategas orientados al crecimiento que saben c\u00f3mo posicionar tu marca en los medios m\u00e1s influyentes de Europa.","og_url":"https:\/\/digitalpr.eu\/en\/es\/","og_site_name":"Digital PR Agentur | Medienbeziehungen &amp; PR-Strategie","article_modified_time":"2025-12-09T16:46:53+00:00","og_image":[{"width":300,"height":300,"url":"https:\/\/digitalpr.eu\/wp-content\/uploads\/2025\/11\/digital.pr-logo-favicon-web-light.jpg","type":"image\/jpeg"}],"twitter_card":"summary_large_image","twitter_misc":{"Estimated reading time":"12 minutes"},"schema":{"@context":"https:\/\/schema.org","@graph":[{"@type":"WebPage","@id":"https:\/\/digitalpr.eu\/es\/","url":"https:\/\/digitalpr.eu\/es\/","name":"Agencia de Digital PR de Espa\u00f1a","isPartOf":{"@id":"https:\/\/digitalpr.eu\/#website"},"primaryImageOfPage":{"@id":"https:\/\/digitalpr.eu\/es\/#primaryimage"},"image":{"@id":"https:\/\/digitalpr.eu\/es\/#primaryimage"},"thumbnailUrl":"https:\/\/digitalpr.eu\/wp-content\/uploads\/2025\/11\/digital.pr-logo-favicon-web-light.jpg","datePublished":"2025-11-27T15:53:55+00:00","dateModified":"2025-12-09T16:46:53+00:00","description":"Somos expertos en digital PR: creativos, narradores y estrategas orientados al crecimiento que saben c\u00f3mo posicionar tu marca en los medios m\u00e1s influyentes de Europa.","breadcrumb":{"@id":"https:\/\/digitalpr.eu\/es\/#breadcrumb"},"inLanguage":"en-GB","potentialAction":[{"@type":"ReadAction","target":["https:\/\/digitalpr.eu\/es\/"]}]},{"@type":"ImageObject","inLanguage":"en-GB","@id":"https:\/\/digitalpr.eu\/es\/#primaryimage","url":"https:\/\/digitalpr.eu\/wp-content\/uploads\/2025\/11\/digital.pr-logo-favicon-web-light.jpg","contentUrl":"https:\/\/digitalpr.eu\/wp-content\/uploads\/2025\/11\/digital.pr-logo-favicon-web-light.jpg","width":300,"height":300},{"@type":"BreadcrumbList","@id":"https:\/\/digitalpr.eu\/es\/#breadcrumb","itemListElement":[{"@type":"ListItem","position":1,"name":"Kezd\u0151lap","item":"https:\/\/digitalpr.eu\/"},{"@type":"ListItem","position":2,"name":"Agencia de Digital PR en Espa\u00f1a\u200b"}]},{"@type":"WebSite","@id":"https:\/\/digitalpr.eu\/#website","url":"https:\/\/digitalpr.eu\/","name":"Digital PR","description":"Professionelle Digital PR Agentur f\u00fcr nachhaltige Medienbeziehungen, strategische Pressearbeit und digitale Kommunikation. Ihre PR-Experten f\u00fcr messbare Erfolge.","publisher":{"@id":"https:\/\/digitalpr.eu\/#organization"},"potentialAction":[{"@type":"SearchAction","target":{"@type":"EntryPoint","urlTemplate":"https:\/\/digitalpr.eu\/?s={search_term_string}"},"query-input":{"@type":"PropertyValueSpecification","valueRequired":true,"valueName":"search_term_string"}}],"inLanguage":"en-GB"},{"@type":"Organization","@id":"https:\/\/digitalpr.eu\/#organization","name":"Digitalpr","url":"https:\/\/digitalpr.eu\/","logo":{"@type":"ImageObject","inLanguage":"en-GB","@id":"https:\/\/digitalpr.eu\/#\/schema\/logo\/image\/","url":"https:\/\/digitalpr.eu\/wp-content\/uploads\/2024\/03\/digitalpr-logo-black.webp","contentUrl":"https:\/\/digitalpr.eu\/wp-content\/uploads\/2024\/03\/digitalpr-logo-black.webp","width":1200,"height":1200,"caption":"Digitalpr"},"image":{"@id":"https:\/\/digitalpr.eu\/#\/schema\/logo\/image\/"},"sameAs":["https:\/\/www.linkedin.com\/company\/digitalpreu\/"]}]}},"_links":{"self":[{"href":"https:\/\/digitalpr.eu\/en\/wp-json\/wp\/v2\/pages\/731","targetHints":{"allow":["GET"]}}],"collection":[{"href":"https:\/\/digitalpr.eu\/en\/wp-json\/wp\/v2\/pages"}],"about":[{"href":"https:\/\/digitalpr.eu\/en\/wp-json\/wp\/v2\/types\/page"}],"author":[{"embeddable":true,"href":"https:\/\/digitalpr.eu\/en\/wp-json\/wp\/v2\/users\/4"}],"replies":[{"embeddable":true,"href":"https:\/\/digitalpr.eu\/en\/wp-json\/wp\/v2\/comments?post=731"}],"version-history":[{"count":14,"href":"https:\/\/digitalpr.eu\/en\/wp-json\/wp\/v2\/pages\/731\/revisions"}],"predecessor-version":[{"id":759,"href":"https:\/\/digitalpr.eu\/en\/wp-json\/wp\/v2\/pages\/731\/revisions\/759"}],"wp:featuredmedia":[{"embeddable":true,"href":"https:\/\/digitalpr.eu\/en\/wp-json\/wp\/v2\/media\/676"}],"wp:attachment":[{"href":"https:\/\/digitalpr.eu\/en\/wp-json\/wp\/v2\/media?parent=731"}],"curies":[{"name":"wp","href":"https:\/\/api.w.org\/{rel}","templated":true}]}}